{"id":6445,"date":"2026-01-06T17:11:38","date_gmt":"2026-01-06T16:11:38","guid":{"rendered":"https:\/\/carnavaldetoulouse.fr\/SiteCarnaval\/?page_id=6445"},"modified":"2026-04-22T15:52:37","modified_gmt":"2026-04-22T13:52:37","slug":"les-evenements-2026","status":"publish","type":"page","link":"https:\/\/carnavaldetoulouse.fr\/SiteCarnaval\/les-evenements-2026\/","title":{"rendered":"LES \u00c9V\u00c9NEMENTS 2026"},"content":{"rendered":"\t\t<div data-elementor-type=\"wp-page\" data-elementor-id=\"6445\" class=\"elementor elementor-6445\" data-elementor-post-type=\"page\">\n\t\t\t\t\t\t<section class=\"elementor-section elementor-top-section elementor-element elementor-element-d2411df elementor-section-boxed elementor-section-height-default elementor-section-height-default\" data-id=\"d2411df\" data-element_type=\"section\" data-e-type=\"section\" data-settings=\"{&quot;background_background&quot;:&quot;classic&quot;}\">\n\t\t\t\t\t\t<div class=\"elementor-container elementor-column-gap-default\">\n\t\t\t\t\t<div class=\"elementor-column elementor-col-100 elementor-top-column elementor-element elementor-element-19dc4ac\" data-id=\"19dc4ac\" data-element_type=\"column\" data-e-type=\"column\">\n\t\t\t<div class=\"elementor-widget-wrap elementor-element-populated\">\n\t\t\t\t\t\t<div class=\"elementor-element elementor-element-21bd5ea elementor-hidden-mobile elementor-widget elementor-widget-heading\" data-id=\"21bd5ea\" data-element_type=\"widget\" data-e-type=\"widget\" data-widget_type=\"heading.default\">\n\t\t\t\t<div class=\"elementor-widget-container\">\n\t\t\t\t\t<h1 class=\"elementor-heading-title elementor-size-default\">LE CALENDRIER DES \u00c9V\u00c9NEMENTS 2026*<\/h1>\t\t\t\t<\/div>\n\t\t\t\t<\/div>\n\t\t\t\t<div class=\"elementor-element elementor-element-696aaab elementor-hidden-desktop elementor-hidden-tablet elementor-widget elementor-widget-heading\" data-id=\"696aaab\" data-element_type=\"widget\" data-e-type=\"widget\" data-widget_type=\"heading.default\">\n\t\t\t\t<div class=\"elementor-widget-container\">\n\t\t\t\t\t<h4 class=\"elementor-heading-title elementor-size-default\">LE CALENDRIER DES \u00c9V\u00c9NEMENTS 2026*<\/h4>\t\t\t\t<\/div>\n\t\t\t\t<\/div>\n\t\t\t\t\t<\/div>\n\t\t<\/div>\n\t\t\t\t\t<\/div>\n\t\t<\/section>\n\t\t\t\t<section class=\"elementor-section elementor-top-section elementor-element elementor-element-06a42a8 elementor-section-boxed elementor-section-height-default elementor-section-height-default\" data-id=\"06a42a8\" data-element_type=\"section\" data-e-type=\"section\" data-settings=\"{&quot;background_background&quot;:&quot;classic&quot;}\">\n\t\t\t\t\t\t<div class=\"elementor-container elementor-column-gap-default\">\n\t\t\t\t\t<div class=\"elementor-column elementor-col-50 elementor-top-column elementor-element elementor-element-9efed7a\" data-id=\"9efed7a\" data-element_type=\"column\" data-e-type=\"column\">\n\t\t\t<div class=\"elementor-widget-wrap elementor-element-populated\">\n\t\t\t\t\t\t<div class=\"elementor-element elementor-element-d7e80fc elementor-widget elementor-widget-text-editor\" data-id=\"d7e80fc\" data-element_type=\"widget\" data-e-type=\"widget\" data-widget_type=\"text-editor.default\">\n\t\t\t\t<div class=\"elementor-widget-container\">\n\t\t\t\t\t\t\t\t\t<p>&#8211; Les <a href=\"#percussions2026\"><strong>Samedis Percussions du Monde<\/strong><\/a><br \/>10, 17, 24, 31 Janvier et 7 f\u00e9vrier 2026<br \/>&#8211; <a href=\"#LOTO2026\"><strong>Loto du carnaval<\/strong> :\u00a0\u00a0<\/a>organisation en cours 8 f\u00e9vrier 2026<br \/>&#8211; <a href=\"#batucagras2026\"><strong>BatucaGras<\/strong><\/a> : Samedi 14 f\u00e9vrier 2026<br \/>&#8211; <a href=\"#enfants2026\"><strong>Carnaval des Enfants<\/strong><\/a> : Mercredi 11 mars 2026<\/p>\t\t\t\t\t\t\t\t<\/div>\n\t\t\t\t<\/div>\n\t\t\t\t\t<\/div>\n\t\t<\/div>\n\t\t\t\t<div class=\"elementor-column elementor-col-50 elementor-top-column elementor-element elementor-element-342b63f\" data-id=\"342b63f\" data-element_type=\"column\" data-e-type=\"column\">\n\t\t\t<div class=\"elementor-widget-wrap elementor-element-populated\">\n\t\t\t\t\t\t<div class=\"elementor-element elementor-element-2fe7d59 elementor-widget elementor-widget-text-editor\" data-id=\"2fe7d59\" data-element_type=\"widget\" data-e-type=\"widget\" data-widget_type=\"text-editor.default\">\n\t\t\t\t<div class=\"elementor-widget-container\">\n\t\t\t\t\t\t\t\t\t<p>&#8211; <a href=\"#parade2026\"><strong>Parade des COCUs<\/strong><\/a> : Samedi 14 mars 2026<br \/>&#8211; <a href=\"#GUYANE26\"><strong>Journ\u00e9e de la Guyane<\/strong> <\/a>: Samedi 2 mai 2026<br \/>&#8211; <a href=\"#caisses2026\"><strong>Descente de caisses \u00e0 savon<\/strong>\u00a0:<\/a>\u00a0<br \/>Samedi 20 juin 2026<br \/>&#8211; <strong>F\u00eate de la Musique<\/strong> (dans les quartiers partenaires) : Dimanche 21 juin 2026<\/p>\t\t\t\t\t\t\t\t<\/div>\n\t\t\t\t<\/div>\n\t\t\t\t\t<\/div>\n\t\t<\/div>\n\t\t\t\t\t<\/div>\n\t\t<\/section>\n\t\t\t\t<section class=\"elementor-section elementor-top-section elementor-element elementor-element-017a3ab elementor-section-boxed elementor-section-height-default elementor-section-height-default\" data-id=\"017a3ab\" data-element_type=\"section\" data-e-type=\"section\">\n\t\t\t\t\t\t<div class=\"elementor-container elementor-column-gap-default\">\n\t\t\t\t\t<div class=\"elementor-column elementor-col-100 elementor-top-column elementor-element elementor-element-4a55344\" data-id=\"4a55344\" data-element_type=\"column\" data-e-type=\"column\">\n\t\t\t<div class=\"elementor-widget-wrap elementor-element-populated\">\n\t\t\t\t\t\t<div class=\"elementor-element elementor-element-6552ed4 elementor-widget elementor-widget-menu-anchor\" data-id=\"6552ed4\" data-element_type=\"widget\" data-e-type=\"widget\" data-widget_type=\"menu-anchor.default\">\n\t\t\t\t<div class=\"elementor-widget-container\">\n\t\t\t\t\t\t\t<div class=\"elementor-menu-anchor\" id=\"percussions2026\"><\/div>\n\t\t\t\t\t\t<\/div>\n\t\t\t\t<\/div>\n\t\t\t\t<div class=\"elementor-element elementor-element-bac3741 elementor-hidden-mobile elementor-widget elementor-widget-heading\" data-id=\"bac3741\" data-element_type=\"widget\" data-e-type=\"widget\" data-widget_type=\"heading.default\">\n\t\t\t\t<div class=\"elementor-widget-container\">\n\t\t\t\t\t<h1 class=\"elementor-heading-title elementor-size-default\">Les samedis \"percussions du monde\" <br>\nsamedis 10, 17, 24, 31 janvier <br>7 f\u00e9vrier 2026<\/h1>\t\t\t\t<\/div>\n\t\t\t\t<\/div>\n\t\t\t\t<div class=\"elementor-element elementor-element-8d5af6d elementor-hidden-desktop elementor-hidden-tablet elementor-widget elementor-widget-heading\" data-id=\"8d5af6d\" data-element_type=\"widget\" data-e-type=\"widget\" data-widget_type=\"heading.default\">\n\t\t\t\t<div class=\"elementor-widget-container\">\n\t\t\t\t\t<h4 class=\"elementor-heading-title elementor-size-default\">LES SAMEDIS PERCUSSIONS DU MONDE <\/h4>\t\t\t\t<\/div>\n\t\t\t\t<\/div>\n\t\t\t\t\t<\/div>\n\t\t<\/div>\n\t\t\t\t\t<\/div>\n\t\t<\/section>\n\t\t\t\t<section class=\"elementor-section elementor-top-section elementor-element elementor-element-5e6ba0a elementor-section-boxed elementor-section-height-default elementor-section-height-default\" data-id=\"5e6ba0a\" data-element_type=\"section\" data-e-type=\"section\" data-settings=\"{&quot;background_background&quot;:&quot;classic&quot;}\">\n\t\t\t\t\t\t<div class=\"elementor-container elementor-column-gap-default\">\n\t\t\t\t\t<div class=\"elementor-column elementor-col-50 elementor-top-column elementor-element elementor-element-7223e2f\" data-id=\"7223e2f\" data-element_type=\"column\" data-e-type=\"column\">\n\t\t\t<div class=\"elementor-widget-wrap elementor-element-populated\">\n\t\t\t\t\t\t<div class=\"elementor-element elementor-element-97e3db3 elementor-widget elementor-widget-text-editor\" data-id=\"97e3db3\" data-element_type=\"widget\" data-e-type=\"widget\" data-widget_type=\"text-editor.default\">\n\t\t\t\t<div class=\"elementor-widget-container\">\n\t\t\t\t\t\t\t\t\t<p>Tous les <b>samedis apr\u00e8s-midi<\/b>, de l\u2019\u00c9piphanie jusqu\u2019aux Jours Gras, la ville entre dans un temps de r\u00e9jouissance collective. Des musiciens et danseurs investissent les quartiers de Toulouse pour faire r\u00e9sonner pas de danses, voix et percussions venues du monde entier.<\/p>\t\t\t\t\t\t\t\t<\/div>\n\t\t\t\t<\/div>\n\t\t\t\t<div class=\"elementor-element elementor-element-e15e376 elementor-widget elementor-widget-text-editor\" data-id=\"e15e376\" data-element_type=\"widget\" data-e-type=\"widget\" data-widget_type=\"text-editor.default\">\n\t\t\t\t<div class=\"elementor-widget-container\">\n\t\t\t\t\t\t\t\t\t<div role=\"listitem\"><p>:<span style=\"color: #3366ff;\"><strong>&gt; &gt;&gt;&gt; SAMEDI 10 JANVIER :<\/strong> <\/span><\/p><div><div><p><span style=\"color: #000000;\">&#8211; Parvis Giscard d&rsquo;Estaing : 17h15-17h45 &gt; <\/span><span style=\"color: #000000;\"><a style=\"color: #000000;\" href=\"https:\/\/www.instagram.com\/bagassperkisyon\/\" target=\"_blank\" rel=\"noopener\"><strong><span style=\"color: #993366;\">Bagass Perkisyon\u00a0<br \/><\/span><\/strong><\/a>&#8211; Place de l&rsquo;Europe :\u00a0<br \/>15h30-16h &gt;\u00a0<\/span><span style=\"color: #000000;\"><strong><a style=\"color: #000000;\" href=\"https:\/\/www.instagram.com\/twopikal_allstars\/\" target=\"_blank\" rel=\"noopener\"><span style=\"color: #993366;\">Twopikal all Stars<\/span><\/a><\/strong><\/span><br \/><span style=\"color: #000000;\">16h30-17h &gt;<strong><a style=\"color: #000000;\" href=\"https:\/\/www.instagram.com\/twopikal_allstars\/\" target=\"_blank\" rel=\"noopener\">\u00a0<span style=\"color: #993366;\">Twopikal all Stars<\/span><\/a><\/strong><strong><br \/><\/strong>&#8211; Place Saint Pierre : 15h30-16h &gt; <span style=\"color: #993366;\"><a style=\"color: #993366;\" href=\"https:\/\/www.instagram.com\/alkiminia_batucada\/\" target=\"_blank\" rel=\"noopener\"><strong>Alkiminia<\/strong><\/a><\/span><br \/>16h30-17h &gt; <span style=\"color: #993366;\"><a style=\"color: #993366;\" href=\"https:\/\/www.instagram.com\/alkiminia_batucada\/\" target=\"_blank\" rel=\"noopener\"><strong>Alkiminia<\/strong><\/a><\/span><br \/><\/span><\/p><p><span style=\"color: #3366ff;\"><strong>&gt;&gt;&gt; SAMEDI 17 JANVIER :<\/strong> <\/span><br \/><span style=\"color: #000000;\">&#8211; Carr\u00e9 Maourine :\u00a0<br \/>15h30-16h\u00a0<\/span><span style=\"color: #000000;\"> &gt; <span style=\"color: #993366;\"><a style=\"color: #993366;\" href=\"https:\/\/www.instagram.com\/mabouyala\/\" target=\"_blank\" rel=\"noopener\"><strong>Mabouyala<\/strong><\/a><\/span><br \/>16h30-17h &gt; <\/span><a href=\"https:\/\/www.instagram.com\/mabouyala\/\" target=\"_blank\" rel=\"noopener\"><strong><span style=\"color: #993366;\">Mabouyala<\/span><\/strong><\/a><br \/><span style=\"color: #000000;\">&#8211; Parvis Giscard d&rsquo;Estaing : <br \/><\/span><span style=\"color: #000000;\">15h30-16h &gt;<\/span>\u00a0<span style=\"color: #000000;\"><strong><a style=\"color: #000000;\" href=\"https:\/\/www.instagram.com\/twopikal_allstars\/\" target=\"_blank\" rel=\"noopener\"><span style=\"color: #993366;\">Twopikal all Stars<\/span><\/a><\/strong><br \/>16h30-17h &gt; <strong><a style=\"color: #000000;\" href=\"https:\/\/www.instagram.com\/twopikal_allstars\/\" target=\"_blank\" rel=\"noopener\"><span style=\"color: #993366;\">Twopikal all Stars<\/span><\/a><\/strong><br \/><del>&#8211; Place de l&rsquo;Europe : 17h15-17h45 &gt;<\/del><\/span><del> <strong><a href=\"https:\/\/www.instagram.com\/fully_mass\/\" target=\"_blank\" rel=\"noopener\"><span style=\"color: #993366;\">Fully Mass<\/span><\/a><\/strong><\/del><span style=\"color: #000000;\"> (annul\u00e9)<\/span><\/p><p><span style=\"color: #ff00ff;\"><strong><span style=\"color: #3366ff;\">\u00a0&gt;&gt;&gt; SAMEDI 24 JANVIER :<\/span><br \/><\/strong><\/span><span style=\"color: #000000;\">&#8211; Carr\u00e9 Maourine :<br \/><\/span><span style=\"color: #000000;\">15h30-16h\u00a0 &gt;<\/span> \u00a0<strong><a href=\"https:\/\/www.instagram.com\/twopikal_allstars\/\" target=\"_blank\" rel=\"noopener\"><span style=\"color: #000000;\"><span style=\"color: #993366;\">Twopikal all Stars<\/span>\u00a0<\/span><\/a><br \/><\/strong><span style=\"color: #000000;\">16h30-17h &gt;<\/span> <strong><a href=\"https:\/\/www.instagram.com\/twopikal_allstars\/\" target=\"_blank\" rel=\"noopener\"><span style=\"color: #000000;\"><span style=\"color: #993366;\">Twopikal all Stars\u00a0<\/span><\/span><\/a><br \/><\/strong><span style=\"color: #000000;\">&#8211; Place Saint Pierre : 17h15-17h45 &gt;<\/span> <strong><span style=\"color: #000000;\"><span style=\"color: #993366;\"><a style=\"color: #993366;\" href=\"https:\/\/www.instagram.com\/fully_mass\/\" target=\"_blank\" rel=\"noopener\">Fully Mass<\/a><\/span><br \/><\/span><\/strong><span style=\"color: #000000;\">&#8211; Jardin Compans-Caffarelli :<br \/><\/span><span style=\"color: #000000;\">15h30-16h &gt;\u00a0<\/span><span style=\"color: #993366;\"><a style=\"color: #993366;\" href=\"https:\/\/www.instagram.com\/alkiminia_batucada\/\" target=\"_blank\" rel=\"noopener\"><strong>Alkiminia<\/strong><\/a><\/span><br \/><span style=\"color: #000000;\">16h30-17h &gt;<strong>\u00a0<\/strong><\/span><span style=\"color: #000000;\"><a href=\"https:\/\/www.instagram.com\/alkiminia_batucada\/\" target=\"_blank\" rel=\"noopener\"><strong><span style=\"color: #993366;\">Alkiminia<\/span><\/strong><\/a><\/span><\/p><\/div><\/div><\/div>\t\t\t\t\t\t\t\t<\/div>\n\t\t\t\t<\/div>\n\t\t\t\t\t<\/div>\n\t\t<\/div>\n\t\t\t\t<div class=\"elementor-column elementor-col-50 elementor-top-column elementor-element elementor-element-396dff8\" data-id=\"396dff8\" data-element_type=\"column\" data-e-type=\"column\">\n\t\t\t<div class=\"elementor-widget-wrap elementor-element-populated\">\n\t\t\t\t\t\t<div class=\"elementor-element elementor-element-a7bdd0a elementor-widget elementor-widget-text-editor\" data-id=\"a7bdd0a\" data-element_type=\"widget\" data-e-type=\"widget\" data-widget_type=\"text-editor.default\">\n\t\t\t\t<div class=\"elementor-widget-container\">\n\t\t\t\t\t\t\t\t\t<p><span style=\"color: #000000;\"><strong><span style=\"color: #3366ff;\">&gt;&gt;&gt; SAMEDI 31 JANVIER :<\/span><\/strong><\/span><br \/><span style=\"color: #000000;\">&#8211; Parvis Giscard d&rsquo;Estaing : 15h30-16h&gt; <span style=\"color: #993366;\"><a style=\"color: #993366;\" href=\"https:\/\/www.instagram.com\/blocodaqui\/\" target=\"_blank\" rel=\"noopener\"><strong>Blocodaqui<\/strong><\/a><\/span><\/span><br \/><span style=\"color: #000000;\">16h30-17h&gt; <a href=\"https:\/\/www.instagram.com\/blocodaqui\/\" target=\"_blank\" rel=\"noopener\"><strong><span style=\"color: #993366;\">Blocodaqui<\/span><\/strong><\/a><\/span><br \/><span style=\"color: #000000;\">&#8211; Place Saint Pierre :<\/span><br \/><span style=\"color: #000000;\">\u00a015h30-16h&gt; <\/span><span style=\"color: #993366;\"><a style=\"color: #993366;\" href=\"https:\/\/www.instagram.com\/mabouyala\/\" target=\"_blank\" rel=\"noopener\"><strong>Mabouyala<\/strong><\/a><\/span><br \/><span style=\"color: #000000;\">16h30-17h&gt;\u00a0<a href=\"https:\/\/www.instagram.com\/mabouyala\/\" target=\"_blank\" rel=\"noopener\"><strong><span style=\"color: #993366;\">Mabouyala<\/span><\/strong><\/a><\/span><br \/><span style=\"color: #000000;\">&#8211; Place du Ravelin :<\/span><br \/><span style=\"color: #000000;\">15h30-16h &gt;\u00a0<\/span><span style=\"color: #993366;\"><strong><a style=\"color: #993366;\" href=\"https:\/\/www.instagram.com\/twopikal_allstars\/\" target=\"_blank\" rel=\"noopener\">Twopikal all Stars<\/a><\/strong><\/span><br \/><span style=\"color: #000000;\">16h30-17h &gt;\u00a0<\/span><span style=\"color: #000000;\"><strong><a style=\"color: #000000;\" href=\"https:\/\/www.instagram.com\/twopikal_allstars\/\" target=\"_blank\" rel=\"noopener\"><span style=\"color: #993366;\">Twopikal all Stars<\/span><\/a><br \/><\/strong>&#8211; Carr\u00e9 Maourine : 17h15-17h45 &gt;<strong><a href=\"https:\/\/www.instagram.com\/bagassperkisyon\/\" target=\"_blank\" rel=\"noopener\">Bagass Perkisyon\u00a0<\/a><br \/><\/strong><\/span><\/p><p><span style=\"color: #000000;\"><strong><span style=\"color: #3366ff;\">\u00a0&gt;&gt;&gt; SAMEDI 7 F\u00c9VRIER :<\/span><br \/><\/strong>&#8211; Parvis Giscard d&rsquo;Estaing : 17h15-17h45 &gt; <\/span><strong><span style=\"color: #000000;\"><span style=\"color: #993366;\"><a style=\"color: #993366;\" href=\"https:\/\/www.instagram.com\/fully_mass\/\" target=\"_blank\" rel=\"noopener\">Fully Mass<\/a><\/span><\/span><\/strong><br \/><span style=\"color: #000000;\">&#8211; Place du Ravelin :<\/span><br \/><span style=\"color: #000000;\">15h30-16h &gt;\u00a0<\/span><span style=\"color: #000000;\"><a href=\"https:\/\/www.instagram.com\/alkiminia_batucada\/\" target=\"_blank\" rel=\"noopener\"><strong><span style=\"color: #993366;\">Alkiminia<\/span><\/strong><\/a><\/span><br \/><span style=\"color: #000000;\">16h30-17h &gt;\u00a0<\/span><span style=\"color: #000000;\"><a href=\"https:\/\/www.instagram.com\/alkiminia_batucada\/\" target=\"_blank\" rel=\"noopener\"><strong><span style=\"color: #993366;\">Alkiminia<\/span><\/strong><\/a><\/span><br \/><span style=\"color: #000000;\">&#8211; Jardin Compans-Caffarelli :<\/span><br \/><span style=\"color: #000000;\">15h30-16h &gt; <strong><a style=\"color: #000000;\" href=\"https:\/\/www.instagram.com\/twopikal_allstars\/\" target=\"_blank\" rel=\"noopener\"><span style=\"color: #993366;\">Twopikal all Stars\u00a0<\/span><\/a><\/strong><\/span><br \/><span style=\"color: #000000;\">16h30-17h &gt; <strong><a style=\"color: #000000;\" href=\"https:\/\/www.instagram.com\/twopikal_allstars\/\" target=\"_blank\" rel=\"noopener\"><span style=\"color: #993366;\">Twopikal all Stars\u00a0<\/span><\/a><\/strong><\/span><\/p>\t\t\t\t\t\t\t\t<\/div>\n\t\t\t\t<\/div>\n\t\t\t\t\t<\/div>\n\t\t<\/div>\n\t\t\t\t\t<\/div>\n\t\t<\/section>\n\t\t\t\t<section class=\"elementor-section elementor-top-section elementor-element elementor-element-af415da elementor-section-boxed elementor-section-height-default elementor-section-height-default\" data-id=\"af415da\" data-element_type=\"section\" data-e-type=\"section\">\n\t\t\t\t\t\t<div class=\"elementor-container elementor-column-gap-default\">\n\t\t\t\t\t<div class=\"elementor-column elementor-col-100 elementor-top-column elementor-element elementor-element-00af02a\" data-id=\"00af02a\" data-element_type=\"column\" data-e-type=\"column\">\n\t\t\t<div class=\"elementor-widget-wrap elementor-element-populated\">\n\t\t\t\t\t\t<div class=\"elementor-element elementor-element-2c92a52 elementor-arrows-position-inside elementor-pagination-position-outside elementor-widget elementor-widget-image-carousel\" data-id=\"2c92a52\" data-element_type=\"widget\" data-e-type=\"widget\" data-settings=\"{&quot;navigation&quot;:&quot;both&quot;,&quot;autoplay&quot;:&quot;yes&quot;,&quot;pause_on_hover&quot;:&quot;yes&quot;,&quot;pause_on_interaction&quot;:&quot;yes&quot;,&quot;autoplay_speed&quot;:5000,&quot;infinite&quot;:&quot;yes&quot;,&quot;speed&quot;:500}\" data-widget_type=\"image-carousel.default\">\n\t\t\t\t<div class=\"elementor-widget-container\">\n\t\t\t\t\t\t\t<div class=\"elementor-image-carousel-wrapper swiper\" role=\"region\" aria-roledescription=\"carousel\" aria-label=\"Carrousel d\u2019images\" dir=\"ltr\">\n\t\t\t<div class=\"elementor-image-carousel swiper-wrapper\" aria-live=\"off\">\n\t\t\t\t\t\t\t\t<div class=\"swiper-slide\" role=\"group\" aria-roledescription=\"slide\" aria-label=\"1 sur 6\"><figure class=\"swiper-slide-inner\"><img decoding=\"async\" class=\"swiper-slide-image\" src=\"https:\/\/carnavaldetoulouse.fr\/SiteCarnaval\/wp-content\/uploads\/2026\/01\/Affiche-Samedis-Percussions-du-Monde-212x300.png\" alt=\"Affiche Samedis Percussions du Monde\" \/><\/figure><\/div><div class=\"swiper-slide\" role=\"group\" aria-roledescription=\"slide\" aria-label=\"2 sur 6\"><figure class=\"swiper-slide-inner\"><img decoding=\"async\" class=\"swiper-slide-image\" src=\"https:\/\/carnavaldetoulouse.fr\/SiteCarnaval\/wp-content\/uploads\/2026\/01\/Affiche-Samedis-Percussions-du-Monde-Groupes-10-Janvier-212x300.png\" alt=\"Affiche Samedis Percussions du Monde- Groupes 10 Janvier\" \/><\/figure><\/div><div class=\"swiper-slide\" role=\"group\" aria-roledescription=\"slide\" aria-label=\"3 sur 6\"><figure class=\"swiper-slide-inner\"><img decoding=\"async\" class=\"swiper-slide-image\" src=\"https:\/\/carnavaldetoulouse.fr\/SiteCarnaval\/wp-content\/uploads\/2026\/01\/Affiche-Samedis-Percussions-du-Monde-Groupes-17-Janvier-bis-212x300.jpg\" alt=\"Affiche-Samedis-Percussions-du-Monde---Groupes-17-Janvier-bis\" \/><\/figure><\/div><div class=\"swiper-slide\" role=\"group\" aria-roledescription=\"slide\" aria-label=\"4 sur 6\"><figure class=\"swiper-slide-inner\"><img decoding=\"async\" class=\"swiper-slide-image\" src=\"https:\/\/carnavaldetoulouse.fr\/SiteCarnaval\/wp-content\/uploads\/2026\/01\/Affiche-Samedis-Percussions-du-Monde-Groupes-24-Janvier-212x300.png\" alt=\"Affiche Samedis Percussions du Monde - Groupes 24 Janvier\" \/><\/figure><\/div><div class=\"swiper-slide\" role=\"group\" aria-roledescription=\"slide\" aria-label=\"5 sur 6\"><figure class=\"swiper-slide-inner\"><img decoding=\"async\" class=\"swiper-slide-image\" src=\"https:\/\/carnavaldetoulouse.fr\/SiteCarnaval\/wp-content\/uploads\/2026\/01\/Affiche-Samedis-Percussions-du-Monde-Groupes-31-Janvier-212x300.png\" alt=\"Affiche Samedis Percussions du Monde - Groupes 31 Janvier\" \/><\/figure><\/div><div class=\"swiper-slide\" role=\"group\" aria-roledescription=\"slide\" aria-label=\"6 sur 6\"><figure class=\"swiper-slide-inner\"><img decoding=\"async\" class=\"swiper-slide-image\" src=\"https:\/\/carnavaldetoulouse.fr\/SiteCarnaval\/wp-content\/uploads\/2026\/02\/7-fevrier-bis-240x300.jpeg\" alt=\"7 fevrier bis\" \/><\/figure><\/div>\t\t\t<\/div>\n\t\t\t\t\t\t\t\t\t\t\t\t<div class=\"elementor-swiper-button elementor-swiper-button-prev\" role=\"button\" tabindex=\"0\">\n\t\t\t\t\t\t<i aria-hidden=\"true\" class=\"eicon-chevron-left\"><\/i>\t\t\t\t\t<\/div>\n\t\t\t\t\t<div class=\"elementor-swiper-button elementor-swiper-button-next\" role=\"button\" tabindex=\"0\">\n\t\t\t\t\t\t<i aria-hidden=\"true\" class=\"eicon-chevron-right\"><\/i>\t\t\t\t\t<\/div>\n\t\t\t\t\n\t\t\t\t\t\t\t\t\t<div class=\"swiper-pagination\"><\/div>\n\t\t\t\t\t\t\t\t\t<\/div>\n\t\t\t\t\t\t<\/div>\n\t\t\t\t<\/div>\n\t\t\t\t\t<\/div>\n\t\t<\/div>\n\t\t\t\t\t<\/div>\n\t\t<\/section>\n\t\t\t\t<section class=\"elementor-section elementor-top-section elementor-element elementor-element-d954eec elementor-section-boxed elementor-section-height-default elementor-section-height-default\" data-id=\"d954eec\" data-element_type=\"section\" data-e-type=\"section\">\n\t\t\t\t\t\t<div class=\"elementor-container elementor-column-gap-default\">\n\t\t\t\t\t<div class=\"elementor-column elementor-col-100 elementor-top-column elementor-element elementor-element-f158a78\" data-id=\"f158a78\" data-element_type=\"column\" data-e-type=\"column\">\n\t\t\t<div class=\"elementor-widget-wrap\">\n\t\t\t\t\t\t\t<\/div>\n\t\t<\/div>\n\t\t\t\t\t<\/div>\n\t\t<\/section>\n\t\t\t\t<section class=\"elementor-section elementor-top-section elementor-element elementor-element-bbb60a4 elementor-section-boxed elementor-section-height-default elementor-section-height-default\" data-id=\"bbb60a4\" data-element_type=\"section\" data-e-type=\"section\" data-settings=\"{&quot;background_background&quot;:&quot;classic&quot;}\">\n\t\t\t\t\t\t<div class=\"elementor-container elementor-column-gap-default\">\n\t\t\t\t\t<div class=\"elementor-column elementor-col-100 elementor-top-column elementor-element elementor-element-0502434\" data-id=\"0502434\" data-element_type=\"column\" data-e-type=\"column\">\n\t\t\t<div class=\"elementor-widget-wrap elementor-element-populated\">\n\t\t\t\t\t\t<div class=\"elementor-element elementor-element-1c0bf6d elementor-widget elementor-widget-menu-anchor\" data-id=\"1c0bf6d\" data-element_type=\"widget\" data-e-type=\"widget\" data-widget_type=\"menu-anchor.default\">\n\t\t\t\t<div class=\"elementor-widget-container\">\n\t\t\t\t\t\t\t<div class=\"elementor-menu-anchor\" id=\"LOTO2026\"><\/div>\n\t\t\t\t\t\t<\/div>\n\t\t\t\t<\/div>\n\t\t\t\t<div class=\"elementor-element elementor-element-486a720 elementor-hidden-mobile elementor-widget elementor-widget-heading\" data-id=\"486a720\" data-element_type=\"widget\" data-e-type=\"widget\" data-widget_type=\"heading.default\">\n\t\t\t\t<div class=\"elementor-widget-container\">\n\t\t\t\t\t<h1 class=\"elementor-heading-title elementor-size-default\">LOTO DU CARNAVAL <br> Dimanche 8 f\u00e9vrier 2026<\/h1>\t\t\t\t<\/div>\n\t\t\t\t<\/div>\n\t\t\t\t<div class=\"elementor-element elementor-element-946c082 elementor-hidden-desktop elementor-hidden-tablet elementor-widget elementor-widget-heading\" data-id=\"946c082\" data-element_type=\"widget\" data-e-type=\"widget\" data-widget_type=\"heading.default\">\n\t\t\t\t<div class=\"elementor-widget-container\">\n\t\t\t\t\t<h4 class=\"elementor-heading-title elementor-size-default\">LOTO DU CARNAVAL<br>Dimanche 8 f\u00e9vrier 2026<\/h4>\t\t\t\t<\/div>\n\t\t\t\t<\/div>\n\t\t\t\t\t<\/div>\n\t\t<\/div>\n\t\t\t\t\t<\/div>\n\t\t<\/section>\n\t\t\t\t<section class=\"elementor-section elementor-top-section elementor-element elementor-element-efc4405 elementor-section-boxed elementor-section-height-default elementor-section-height-default\" data-id=\"efc4405\" data-element_type=\"section\" data-e-type=\"section\" data-settings=\"{&quot;background_background&quot;:&quot;classic&quot;}\">\n\t\t\t\t\t\t<div class=\"elementor-container elementor-column-gap-default\">\n\t\t\t\t\t<div class=\"elementor-column elementor-col-50 elementor-top-column elementor-element elementor-element-0d80868\" data-id=\"0d80868\" data-element_type=\"column\" data-e-type=\"column\">\n\t\t\t<div class=\"elementor-widget-wrap elementor-element-populated\">\n\t\t\t\t\t\t<div class=\"elementor-element elementor-element-f47a88e elementor-widget elementor-widget-image\" data-id=\"f47a88e\" data-element_type=\"widget\" data-e-type=\"widget\" data-widget_type=\"image.default\">\n\t\t\t\t<div class=\"elementor-widget-container\">\n\t\t\t\t\t\t\t\t\t\t\t\t\t\t\t<img fetchpriority=\"high\" decoding=\"async\" width=\"724\" height=\"1024\" src=\"https:\/\/carnavaldetoulouse.fr\/SiteCarnaval\/wp-content\/uploads\/2026\/01\/Flyer-Loto-Solidaire-Le-COCU-au-format-image-724x1024.png\" class=\"attachment-large size-large wp-image-6615\" alt=\"\" srcset=\"https:\/\/carnavaldetoulouse.fr\/SiteCarnaval\/wp-content\/uploads\/2026\/01\/Flyer-Loto-Solidaire-Le-COCU-au-format-image-724x1024.png 724w, https:\/\/carnavaldetoulouse.fr\/SiteCarnaval\/wp-content\/uploads\/2026\/01\/Flyer-Loto-Solidaire-Le-COCU-au-format-image-212x300.png 212w, https:\/\/carnavaldetoulouse.fr\/SiteCarnaval\/wp-content\/uploads\/2026\/01\/Flyer-Loto-Solidaire-Le-COCU-au-format-image-768x1086.png 768w, https:\/\/carnavaldetoulouse.fr\/SiteCarnaval\/wp-content\/uploads\/2026\/01\/Flyer-Loto-Solidaire-Le-COCU-au-format-image-1086x1536.png 1086w, https:\/\/carnavaldetoulouse.fr\/SiteCarnaval\/wp-content\/uploads\/2026\/01\/Flyer-Loto-Solidaire-Le-COCU-au-format-image.png 1414w\" sizes=\"(max-width: 724px) 100vw, 724px\" \/>\t\t\t\t\t\t\t\t\t\t\t\t\t\t\t<\/div>\n\t\t\t\t<\/div>\n\t\t\t\t\t<\/div>\n\t\t<\/div>\n\t\t\t\t<div class=\"elementor-column elementor-col-50 elementor-top-column elementor-element elementor-element-b2c6057\" data-id=\"b2c6057\" data-element_type=\"column\" data-e-type=\"column\">\n\t\t\t<div class=\"elementor-widget-wrap elementor-element-populated\">\n\t\t\t\t\t\t<div class=\"elementor-element elementor-element-dede28a elementor-widget elementor-widget-text-editor\" data-id=\"dede28a\" data-element_type=\"widget\" data-e-type=\"widget\" data-widget_type=\"text-editor.default\">\n\t\t\t\t<div class=\"elementor-widget-container\">\n\t\t\t\t\t\t\t\t\t<p><span style=\"color: #993366;\"><strong>&gt;&gt;&gt; Dimanche 8 f\u00e9vrier &#8211; \u00e0 partir de 13h30<br \/>Salle Limayrac<br \/>22 rue Xavier Darasse 31500 Toulouse<\/strong><\/span><\/p><p>\ud83c\udfad\u2728 Le Loto du Carnaval arrive !<\/p><p>Rendez-vous dimanche 8 f\u00e9vrier \u00e0 la Salle Limayrac d\u00e8s 13h30 pour tenter votre chance et passer un moment chaleureux et festif \ud83d\udc83\ud83d\udd7a<\/p><p>\ud83c\udf9f\ufe0f \u00c0 partir de 3\u20ac le carton<\/p><p>\ud83c\udf9f\ufe0f1\u20ac le carton pour la partie sp\u00e9ciale pour les personnes d\u00e9guis\u00e9es \ud83c\udfad\u2728 !\u00a0<\/p><p>\ud83c\udf81 De nombreux lots \u00e0 gagner<\/p><p>Viens jouer, rire et plonger dans l\u2019ambiance du Carnaval de Toulouse 2026 \ud83e\udd73<\/p>\t\t\t\t\t\t\t\t<\/div>\n\t\t\t\t<\/div>\n\t\t\t\t\t<\/div>\n\t\t<\/div>\n\t\t\t\t\t<\/div>\n\t\t<\/section>\n\t\t\t\t<section class=\"elementor-section elementor-top-section elementor-element elementor-element-2492966 elementor-section-boxed elementor-section-height-default elementor-section-height-default\" data-id=\"2492966\" data-element_type=\"section\" data-e-type=\"section\" data-settings=\"{&quot;background_background&quot;:&quot;classic&quot;}\">\n\t\t\t\t\t\t<div class=\"elementor-container elementor-column-gap-default\">\n\t\t\t\t\t<div class=\"elementor-column elementor-col-100 elementor-top-column elementor-element elementor-element-fa60a82\" data-id=\"fa60a82\" data-element_type=\"column\" data-e-type=\"column\">\n\t\t\t<div class=\"elementor-widget-wrap elementor-element-populated\">\n\t\t\t\t\t\t<div class=\"elementor-element elementor-element-ce42dfa elementor-widget elementor-widget-menu-anchor\" data-id=\"ce42dfa\" data-element_type=\"widget\" data-e-type=\"widget\" data-widget_type=\"menu-anchor.default\">\n\t\t\t\t<div class=\"elementor-widget-container\">\n\t\t\t\t\t\t\t<div class=\"elementor-menu-anchor\" id=\"batucagras2026\"><\/div>\n\t\t\t\t\t\t<\/div>\n\t\t\t\t<\/div>\n\t\t\t\t<div class=\"elementor-element elementor-element-ce91393 elementor-hidden-mobile elementor-widget elementor-widget-heading\" data-id=\"ce91393\" data-element_type=\"widget\" data-e-type=\"widget\" data-widget_type=\"heading.default\">\n\t\t\t\t<div class=\"elementor-widget-container\">\n\t\t\t\t\t<h1 class=\"elementor-heading-title elementor-size-default\">BATUCAGRAS <br> Samedi 14 f\u00e9vrier 2026<\/h1>\t\t\t\t<\/div>\n\t\t\t\t<\/div>\n\t\t\t\t<div class=\"elementor-element elementor-element-b650448 elementor-hidden-desktop elementor-hidden-tablet elementor-widget elementor-widget-heading\" data-id=\"b650448\" data-element_type=\"widget\" data-e-type=\"widget\" data-widget_type=\"heading.default\">\n\t\t\t\t<div class=\"elementor-widget-container\">\n\t\t\t\t\t<h4 class=\"elementor-heading-title elementor-size-default\">BATUCAGRAS <br> Samedi 14 f\u00e9vrier 2026<\/h4>\t\t\t\t<\/div>\n\t\t\t\t<\/div>\n\t\t\t\t\t<\/div>\n\t\t<\/div>\n\t\t\t\t\t<\/div>\n\t\t<\/section>\n\t\t\t\t<section class=\"elementor-section elementor-top-section elementor-element elementor-element-a599449 elementor-section-boxed elementor-section-height-default elementor-section-height-default\" data-id=\"a599449\" data-element_type=\"section\" data-e-type=\"section\" data-settings=\"{&quot;background_background&quot;:&quot;classic&quot;}\">\n\t\t\t\t\t\t<div class=\"elementor-container elementor-column-gap-default\">\n\t\t\t\t\t<div class=\"elementor-column elementor-col-50 elementor-top-column elementor-element elementor-element-973a6a2\" data-id=\"973a6a2\" data-element_type=\"column\" data-e-type=\"column\">\n\t\t\t<div class=\"elementor-widget-wrap elementor-element-populated\">\n\t\t\t\t\t\t<div class=\"elementor-element elementor-element-de00500 elementor-widget elementor-widget-image\" data-id=\"de00500\" data-element_type=\"widget\" data-e-type=\"widget\" data-widget_type=\"image.default\">\n\t\t\t\t<div class=\"elementor-widget-container\">\n\t\t\t\t\t\t\t\t\t\t\t\t\t\t\t<img decoding=\"async\" width=\"800\" height=\"1000\" src=\"https:\/\/carnavaldetoulouse.fr\/SiteCarnaval\/wp-content\/uploads\/2026\/01\/Affiche-Batucagras-Stagiaire-Cauan-Publication-Instagram-45-819x1024.png\" class=\"attachment-large size-large wp-image-6511\" alt=\"\" srcset=\"https:\/\/carnavaldetoulouse.fr\/SiteCarnaval\/wp-content\/uploads\/2026\/01\/Affiche-Batucagras-Stagiaire-Cauan-Publication-Instagram-45-819x1024.png 819w, https:\/\/carnavaldetoulouse.fr\/SiteCarnaval\/wp-content\/uploads\/2026\/01\/Affiche-Batucagras-Stagiaire-Cauan-Publication-Instagram-45-240x300.png 240w, https:\/\/carnavaldetoulouse.fr\/SiteCarnaval\/wp-content\/uploads\/2026\/01\/Affiche-Batucagras-Stagiaire-Cauan-Publication-Instagram-45-768x960.png 768w, https:\/\/carnavaldetoulouse.fr\/SiteCarnaval\/wp-content\/uploads\/2026\/01\/Affiche-Batucagras-Stagiaire-Cauan-Publication-Instagram-45.png 1080w\" sizes=\"(max-width: 800px) 100vw, 800px\" \/>\t\t\t\t\t\t\t\t\t\t\t\t\t\t\t<\/div>\n\t\t\t\t<\/div>\n\t\t\t\t\t<\/div>\n\t\t<\/div>\n\t\t\t\t<div class=\"elementor-column elementor-col-50 elementor-top-column elementor-element elementor-element-705ed4b\" data-id=\"705ed4b\" data-element_type=\"column\" data-e-type=\"column\">\n\t\t\t<div class=\"elementor-widget-wrap elementor-element-populated\">\n\t\t\t\t\t\t<div class=\"elementor-element elementor-element-916244d elementor-widget elementor-widget-text-editor\" data-id=\"916244d\" data-element_type=\"widget\" data-e-type=\"widget\" data-widget_type=\"text-editor.default\">\n\t\t\t\t<div class=\"elementor-widget-container\">\n\t\t\t\t\t\t\t\t\t<p><span style=\"color: #ff99cc;\"><strong>&gt;&gt;&gt; SAMEDI 14 f\u00e9vrier &#8211; 18h45\/20h30\u00a0<br \/>60-62 Rue de Metz\u00a0<br \/><\/strong><\/span><span style=\"color: #ffffff;\">Apr\u00e8s les samedis \u00ab percussions du monde \u00bb, un \u00e9v\u00e9nement pour lancer officiellement le calendrier des festivit\u00e9s Carnaval de Toulouse \u2026 Batucadas\u00a0 toulousaines\u00a0pour le week-end gras !<\/span><br \/><span style=\"color: #ffffff;\"><br \/>On retrouve les groupes ayant anim\u00e9 les samedis\u00a0 percussions du monde pour une animation musicale&#8230; des percussions en dialogue et en \u00e9change&#8230; Un temps de partage percussif et festif.<\/span><\/p>\n<p>Avec\u00a0<span style=\"color: #ffffff;\"><strong>Alkiminia,<\/strong><\/span>\u00a0<strong>Bagass&rsquo;Perkissyon<\/strong>,\u00a0<strong><span style=\"color: #ffffff;\">Fully Mass<\/span><\/strong> et\u00a0<strong><a href=\"https:\/\/www.instagram.com\/twopikal_allstars\/\" target=\"_blank\" rel=\"noopener\"><span style=\"color: #ffffff;\">Twopikal all Stars<\/span>\u00a0<\/a><\/strong>\u00a0<\/p>\n<p>\u00a0<\/p>\t\t\t\t\t\t\t\t<\/div>\n\t\t\t\t<\/div>\n\t\t\t\t\t<\/div>\n\t\t<\/div>\n\t\t\t\t\t<\/div>\n\t\t<\/section>\n\t\t\t\t<section class=\"elementor-section elementor-top-section elementor-element elementor-element-5b8a074 elementor-section-boxed elementor-section-height-default elementor-section-height-default\" data-id=\"5b8a074\" data-element_type=\"section\" data-e-type=\"section\" data-settings=\"{&quot;background_background&quot;:&quot;classic&quot;}\">\n\t\t\t\t\t\t<div class=\"elementor-container elementor-column-gap-default\">\n\t\t\t\t\t<div class=\"elementor-column elementor-col-33 elementor-top-column elementor-element elementor-element-4009322\" data-id=\"4009322\" data-element_type=\"column\" data-e-type=\"column\">\n\t\t\t<div class=\"elementor-widget-wrap elementor-element-populated\">\n\t\t\t\t\t\t<div class=\"elementor-element elementor-element-c2c8e29 elementor-widget elementor-widget-text-editor\" data-id=\"c2c8e29\" data-element_type=\"widget\" data-e-type=\"widget\" data-widget_type=\"text-editor.default\">\n\t\t\t\t<div class=\"elementor-widget-container\">\n\t\t\t\t\t\t\t\t\t<div><strong>ZOOM : le Breughel fait son carnaval !<\/strong><span style=\"color: #800080;\"><strong><br \/>Soir\u00e9e Carnaval antillais<\/strong><\/span><\/div><div><span style=\"color: #800080;\"><strong>Samedi 14 F\u00e9vrier<\/strong> <\/span><br \/><strong><em>au Breughel l&rsquo;ancien<\/em><\/strong><br \/><strong><em>30 Rue de la Cha\u00eene, 31000 Toulouse<\/em><\/strong><\/div><div>Menu sp\u00e9cial Antilles<\/div><div>22h : Concert de ALEKSAND &amp; KASONAD&rsquo;\u00a0 ( Musique afro m\u00e9tiss\u00e9e de Martinique)\u00a0<\/div><div>00h : Dj set de VJ DID\u00a0 (Artist-Producer Vj, Caribbean &amp; International)<\/div><div>\u00a0<\/div><div><strong>Plus d&rsquo;Infos <a href=\"https:\/\/www.instagram.com\/breughelancien\/\" target=\"_blank\" rel=\"noopener\">&gt;&gt;&gt;\u00a0<\/a><\/strong><\/div>\t\t\t\t\t\t\t\t<\/div>\n\t\t\t\t<\/div>\n\t\t\t\t\t<\/div>\n\t\t<\/div>\n\t\t\t\t<div class=\"elementor-column elementor-col-66 elementor-top-column elementor-element elementor-element-71c4174\" data-id=\"71c4174\" data-element_type=\"column\" data-e-type=\"column\">\n\t\t\t<div class=\"elementor-widget-wrap elementor-element-populated\">\n\t\t\t\t\t\t<div class=\"elementor-element elementor-element-76d00a5 elementor-widget elementor-widget-image\" data-id=\"76d00a5\" data-element_type=\"widget\" data-e-type=\"widget\" data-widget_type=\"image.default\">\n\t\t\t\t<div class=\"elementor-widget-container\">\n\t\t\t\t\t\t\t\t\t\t\t\t\t\t\t<img decoding=\"async\" width=\"800\" height=\"450\" src=\"https:\/\/carnavaldetoulouse.fr\/SiteCarnaval\/wp-content\/uploads\/2026\/02\/CARNAVAL-ANTILLAIS-breughel-1024x576.png\" class=\"attachment-large size-large wp-image-6642\" alt=\"\" srcset=\"https:\/\/carnavaldetoulouse.fr\/SiteCarnaval\/wp-content\/uploads\/2026\/02\/CARNAVAL-ANTILLAIS-breughel-1024x576.png 1024w, https:\/\/carnavaldetoulouse.fr\/SiteCarnaval\/wp-content\/uploads\/2026\/02\/CARNAVAL-ANTILLAIS-breughel-300x169.png 300w, https:\/\/carnavaldetoulouse.fr\/SiteCarnaval\/wp-content\/uploads\/2026\/02\/CARNAVAL-ANTILLAIS-breughel-768x432.png 768w, https:\/\/carnavaldetoulouse.fr\/SiteCarnaval\/wp-content\/uploads\/2026\/02\/CARNAVAL-ANTILLAIS-breughel-1536x864.png 1536w, https:\/\/carnavaldetoulouse.fr\/SiteCarnaval\/wp-content\/uploads\/2026\/02\/CARNAVAL-ANTILLAIS-breughel.png 1920w\" sizes=\"(max-width: 800px) 100vw, 800px\" \/>\t\t\t\t\t\t\t\t\t\t\t\t\t\t\t<\/div>\n\t\t\t\t<\/div>\n\t\t\t\t\t<\/div>\n\t\t<\/div>\n\t\t\t\t\t<\/div>\n\t\t<\/section>\n\t\t\t\t<section class=\"elementor-section elementor-top-section elementor-element elementor-element-74cdbaf elementor-section-boxed elementor-section-height-default elementor-section-height-default\" data-id=\"74cdbaf\" data-element_type=\"section\" data-e-type=\"section\" data-settings=\"{&quot;background_background&quot;:&quot;classic&quot;}\">\n\t\t\t\t\t\t<div class=\"elementor-container elementor-column-gap-default\">\n\t\t\t\t\t<div class=\"elementor-column elementor-col-33 elementor-top-column elementor-element elementor-element-9b8baaa\" data-id=\"9b8baaa\" data-element_type=\"column\" data-e-type=\"column\">\n\t\t\t<div class=\"elementor-widget-wrap elementor-element-populated\">\n\t\t\t\t\t\t<div class=\"elementor-element elementor-element-a3e7640 elementor-widget elementor-widget-text-editor\" data-id=\"a3e7640\" data-element_type=\"widget\" data-e-type=\"widget\" data-widget_type=\"text-editor.default\">\n\t\t\t\t<div class=\"elementor-widget-container\">\n\t\t\t\t\t\t\t\t\t<div><strong>ZOOM : le Breughel fait son carnaval !<\/strong><br \/><span style=\"color: #800080;\"><strong>Soir\u00e9e Br\u00e9sil <\/strong><\/span><br \/><span style=\"color: #800080;\"><strong>Samedi 21 F\u00e9vrier<\/strong><\/span><br \/><strong><em>au Breughel l&rsquo;ancien<br \/><\/em><\/strong><strong><em>30 Rue de la Cha\u00eene, 31000 Toulouse<br \/><\/em><\/strong>Au menu, boissons et sp\u00e9cialit\u00e9s Br\u00e9siliennes,<br \/>22h : Live de TUPI OR NOT TUPI (Funk Br\u00e9silien)<\/div><div><p>00h : Mix de Dj MARAH ( Ax\u00e9 &#8211; Forro\/ Piseiro &#8211; Funk)<\/p><\/div><div><strong>Plus d&rsquo;Infos <a href=\"https:\/\/www.instagram.com\/breughelancien\/\" target=\"_blank\" rel=\"noopener\">&gt;&gt;&gt;\u00a0<\/a><\/strong><\/div>\t\t\t\t\t\t\t\t<\/div>\n\t\t\t\t<\/div>\n\t\t\t\t\t<\/div>\n\t\t<\/div>\n\t\t\t\t<div class=\"elementor-column elementor-col-66 elementor-top-column elementor-element elementor-element-5ec6abe\" data-id=\"5ec6abe\" data-element_type=\"column\" data-e-type=\"column\">\n\t\t\t<div class=\"elementor-widget-wrap elementor-element-populated\">\n\t\t\t\t\t\t<div class=\"elementor-element elementor-element-bb6f7fb elementor-widget elementor-widget-image\" data-id=\"bb6f7fb\" data-element_type=\"widget\" data-e-type=\"widget\" data-widget_type=\"image.default\">\n\t\t\t\t<div class=\"elementor-widget-container\">\n\t\t\t\t\t\t\t\t\t\t\t\t\t\t\t<img loading=\"lazy\" decoding=\"async\" width=\"800\" height=\"296\" src=\"https:\/\/carnavaldetoulouse.fr\/SiteCarnaval\/wp-content\/uploads\/2026\/02\/breughel1-1.jpg\" class=\"attachment-large size-large wp-image-6643\" alt=\"\" srcset=\"https:\/\/carnavaldetoulouse.fr\/SiteCarnaval\/wp-content\/uploads\/2026\/02\/breughel1-1.jpg 851w, https:\/\/carnavaldetoulouse.fr\/SiteCarnaval\/wp-content\/uploads\/2026\/02\/breughel1-1-300x111.jpg 300w, https:\/\/carnavaldetoulouse.fr\/SiteCarnaval\/wp-content\/uploads\/2026\/02\/breughel1-1-768x284.jpg 768w\" sizes=\"(max-width: 800px) 100vw, 800px\" \/>\t\t\t\t\t\t\t\t\t\t\t\t\t\t\t<\/div>\n\t\t\t\t<\/div>\n\t\t\t\t\t<\/div>\n\t\t<\/div>\n\t\t\t\t\t<\/div>\n\t\t<\/section>\n\t\t\t\t<section class=\"elementor-section elementor-top-section elementor-element elementor-element-c1f42dd elementor-section-boxed elementor-section-height-default elementor-section-height-default\" data-id=\"c1f42dd\" data-element_type=\"section\" data-e-type=\"section\">\n\t\t\t\t\t\t<div class=\"elementor-container elementor-column-gap-default\">\n\t\t\t\t\t<div class=\"elementor-column elementor-col-100 elementor-top-column elementor-element elementor-element-4dd0ca4\" data-id=\"4dd0ca4\" data-element_type=\"column\" data-e-type=\"column\">\n\t\t\t<div class=\"elementor-widget-wrap elementor-element-populated\">\n\t\t\t\t\t\t<div class=\"elementor-element elementor-element-88801ea elementor-widget elementor-widget-menu-anchor\" data-id=\"88801ea\" data-element_type=\"widget\" data-e-type=\"widget\" data-widget_type=\"menu-anchor.default\">\n\t\t\t\t<div class=\"elementor-widget-container\">\n\t\t\t\t\t\t\t<div class=\"elementor-menu-anchor\" id=\"enfants2026\"><\/div>\n\t\t\t\t\t\t<\/div>\n\t\t\t\t<\/div>\n\t\t\t\t<div class=\"elementor-element elementor-element-3536092 elementor-hidden-mobile elementor-widget elementor-widget-heading\" data-id=\"3536092\" data-element_type=\"widget\" data-e-type=\"widget\" data-widget_type=\"heading.default\">\n\t\t\t\t<div class=\"elementor-widget-container\">\n\t\t\t\t\t<h1 class=\"elementor-heading-title elementor-size-default\">CARNAVAL DES ENFANTS <br> Mercredi 11 mars 2026<\/h1>\t\t\t\t<\/div>\n\t\t\t\t<\/div>\n\t\t\t\t<div class=\"elementor-element elementor-element-d024339 elementor-hidden-desktop elementor-hidden-tablet elementor-widget elementor-widget-heading\" data-id=\"d024339\" data-element_type=\"widget\" data-e-type=\"widget\" data-widget_type=\"heading.default\">\n\t\t\t\t<div class=\"elementor-widget-container\">\n\t\t\t\t\t<h4 class=\"elementor-heading-title elementor-size-default\">CARNAVAL DES ENFANTS <br> Mercredi 11 mars 2026<\/h4>\t\t\t\t<\/div>\n\t\t\t\t<\/div>\n\t\t\t\t\t<\/div>\n\t\t<\/div>\n\t\t\t\t\t<\/div>\n\t\t<\/section>\n\t\t\t\t<section class=\"elementor-section elementor-top-section elementor-element elementor-element-aa2b76d elementor-section-boxed elementor-section-height-default elementor-section-height-default\" data-id=\"aa2b76d\" data-element_type=\"section\" data-e-type=\"section\" data-settings=\"{&quot;background_background&quot;:&quot;classic&quot;}\">\n\t\t\t\t\t\t<div class=\"elementor-container elementor-column-gap-default\">\n\t\t\t\t\t<div class=\"elementor-column elementor-col-50 elementor-top-column elementor-element elementor-element-4b87e95\" data-id=\"4b87e95\" data-element_type=\"column\" data-e-type=\"column\">\n\t\t\t<div class=\"elementor-widget-wrap elementor-element-populated\">\n\t\t\t\t\t\t<div class=\"elementor-element elementor-element-b5f872a elementor-widget elementor-widget-image\" data-id=\"b5f872a\" data-element_type=\"widget\" data-e-type=\"widget\" data-widget_type=\"image.default\">\n\t\t\t\t<div class=\"elementor-widget-container\">\n\t\t\t\t\t\t\t\t\t\t\t\t\t\t\t<img loading=\"lazy\" decoding=\"async\" width=\"800\" height=\"1000\" src=\"https:\/\/carnavaldetoulouse.fr\/SiteCarnaval\/wp-content\/uploads\/2026\/02\/3.post-events-2026-819x1024.jpg\" class=\"attachment-large size-large wp-image-6687\" alt=\"\" srcset=\"https:\/\/carnavaldetoulouse.fr\/SiteCarnaval\/wp-content\/uploads\/2026\/02\/3.post-events-2026-819x1024.jpg 819w, https:\/\/carnavaldetoulouse.fr\/SiteCarnaval\/wp-content\/uploads\/2026\/02\/3.post-events-2026-240x300.jpg 240w, https:\/\/carnavaldetoulouse.fr\/SiteCarnaval\/wp-content\/uploads\/2026\/02\/3.post-events-2026-768x960.jpg 768w, https:\/\/carnavaldetoulouse.fr\/SiteCarnaval\/wp-content\/uploads\/2026\/02\/3.post-events-2026.jpg 1080w\" sizes=\"(max-width: 800px) 100vw, 800px\" \/>\t\t\t\t\t\t\t\t\t\t\t\t\t\t\t<\/div>\n\t\t\t\t<\/div>\n\t\t\t\t<div class=\"elementor-element elementor-element-6100ad1 elementor-widget elementor-widget-text-editor\" data-id=\"6100ad1\" data-element_type=\"widget\" data-e-type=\"widget\" data-widget_type=\"text-editor.default\">\n\t\t\t\t<div class=\"elementor-widget-container\">\n\t\t\t\t\t\t\t\t\t<p><a href=\"https:\/\/www.instagram.com\/cerforet\/\" target=\"_blank\" rel=\"noopener\"><img loading=\"lazy\" decoding=\"async\" class=\"alignnone wp-image-5254\" src=\"https:\/\/carnavaldetoulouse.fr\/SiteCarnaval\/wp-content\/uploads\/2025\/02\/LogoCerforet-296x300.png\" alt=\"\" width=\"101\" height=\"103\" srcset=\"https:\/\/carnavaldetoulouse.fr\/SiteCarnaval\/wp-content\/uploads\/2025\/02\/LogoCerforet-296x300.png 296w, https:\/\/carnavaldetoulouse.fr\/SiteCarnaval\/wp-content\/uploads\/2025\/02\/LogoCerforet.png 480w\" sizes=\"(max-width: 101px) 100vw, 101px\" \/><\/a>\u00a0 \u00a0 \u00a0 \u00a0 \u00a0<a href=\"https:\/\/cacaofages.com\/\" target=\"_blank\" rel=\"noopener\"><img loading=\"lazy\" decoding=\"async\" class=\"alignnone wp-image-650\" src=\"https:\/\/carnavaldetoulouse.fr\/SiteCarnaval\/wp-content\/uploads\/2023\/02\/cacaofages-300x206.png\" alt=\"\" width=\"168\" height=\"115\" srcset=\"https:\/\/carnavaldetoulouse.fr\/SiteCarnaval\/wp-content\/uploads\/2023\/02\/cacaofages-300x206.png 300w, https:\/\/carnavaldetoulouse.fr\/SiteCarnaval\/wp-content\/uploads\/2023\/02\/cacaofages.png 653w\" sizes=\"(max-width: 168px) 100vw, 168px\" \/><\/a><\/p>\t\t\t\t\t\t\t\t<\/div>\n\t\t\t\t<\/div>\n\t\t\t\t<div class=\"elementor-element elementor-element-35b0277 elementor-widget elementor-widget-text-editor\" data-id=\"35b0277\" data-element_type=\"widget\" data-e-type=\"widget\" data-widget_type=\"text-editor.default\">\n\t\t\t\t<div class=\"elementor-widget-container\">\n\t\t\t\t\t\t\t\t\t<p>Acc\u00e8s :<br \/>Entr\u00e9e du Jardin Raymond VI<br \/>(jardin des Abattoirs)\u00a0<br \/><strong><a href=\"https:\/\/www.tisseo.fr\/\" target=\"_blank\" rel=\"noopener\">Transports Tiss\u00e9o :<\/a><\/strong>\u00a0<br \/>Station Saint-Cyprien R\u00e9publique \/ ligne A<br \/>ligne Bus 14\/45<br \/>Stations V\u00e9l\u00f4toulouse<\/p>\t\t\t\t\t\t\t\t<\/div>\n\t\t\t\t<\/div>\n\t\t\t\t\t<\/div>\n\t\t<\/div>\n\t\t\t\t<div class=\"elementor-column elementor-col-50 elementor-top-column elementor-element elementor-element-3fa25f9\" data-id=\"3fa25f9\" data-element_type=\"column\" data-e-type=\"column\">\n\t\t\t<div class=\"elementor-widget-wrap elementor-element-populated\">\n\t\t\t\t\t\t<div class=\"elementor-element elementor-element-98a4f7d elementor-widget elementor-widget-image\" data-id=\"98a4f7d\" data-element_type=\"widget\" data-e-type=\"widget\" data-widget_type=\"image.default\">\n\t\t\t\t<div class=\"elementor-widget-container\">\n\t\t\t\t\t\t\t\t\t\t\t\t\t\t\t<img loading=\"lazy\" decoding=\"async\" width=\"800\" height=\"190\" src=\"https:\/\/carnavaldetoulouse.fr\/SiteCarnaval\/wp-content\/uploads\/2026\/02\/header-enfants-26.jpg\" class=\"attachment-large size-large wp-image-6852\" alt=\"\" srcset=\"https:\/\/carnavaldetoulouse.fr\/SiteCarnaval\/wp-content\/uploads\/2026\/02\/header-enfants-26.jpg 1020w, https:\/\/carnavaldetoulouse.fr\/SiteCarnaval\/wp-content\/uploads\/2026\/02\/header-enfants-26-300x71.jpg 300w, https:\/\/carnavaldetoulouse.fr\/SiteCarnaval\/wp-content\/uploads\/2026\/02\/header-enfants-26-768x182.jpg 768w\" sizes=\"(max-width: 800px) 100vw, 800px\" \/>\t\t\t\t\t\t\t\t\t\t\t\t\t\t\t<\/div>\n\t\t\t\t<\/div>\n\t\t\t\t<div class=\"elementor-element elementor-element-f49b62f elementor-widget elementor-widget-text-editor\" data-id=\"f49b62f\" data-element_type=\"widget\" data-e-type=\"widget\" data-widget_type=\"text-editor.default\">\n\t\t\t\t<div class=\"elementor-widget-container\">\n\t\t\t\t\t\t\t\t\t<p>Mercredi 11 mars \u2013 14\/18h<br \/>Jardin Raymond VI<br \/>Ouverture des inscriptions<br \/>le 25 f\u00e9vrier 2026. <br \/>Inscriptions limit\u00e9es \u00e0 150 enfants<br \/><strong>INSCRIPTIONS CLOSES\u00a0<\/strong><\/p>\t\t\t\t\t\t\t\t<\/div>\n\t\t\t\t<\/div>\n\t\t\t\t<div class=\"elementor-element elementor-element-2d40d63 elementor-widget elementor-widget-text-editor\" data-id=\"2d40d63\" data-element_type=\"widget\" data-e-type=\"widget\" data-widget_type=\"text-editor.default\">\n\t\t\t\t<div class=\"elementor-widget-container\">\n\t\t\t\t\t\t\t\t\t<p>https:\/\/www.tisseo.fr\/<strong><img decoding=\"async\" class=\"emoji\" role=\"img\" draggable=\"false\" src=\"https:\/\/s.w.org\/images\/core\/emoji\/17.0.2\/svg\/2728.svg\" alt=\"\u2728\" \/> Carnaval des Enfants 2026 \u2013 Mission Cosmique \u00e0 Toulouse ! <img decoding=\"async\" class=\"emoji\" role=\"img\" draggable=\"false\" src=\"https:\/\/s.w.org\/images\/core\/emoji\/17.0.2\/svg\/1f680.svg\" alt=\"\ud83d\ude80\" \/><img decoding=\"async\" class=\"emoji\" role=\"img\" draggable=\"false\" src=\"https:\/\/s.w.org\/images\/core\/emoji\/17.0.2\/svg\/1f31f.svg\" alt=\"\ud83c\udf1f\" \/><\/strong><br \/><img decoding=\"async\" class=\"emoji\" role=\"img\" draggable=\"false\" src=\"https:\/\/s.w.org\/images\/core\/emoji\/17.0.2\/svg\/1f30c.svg\" alt=\"\ud83c\udf0c\" \/> Bienvenue dans une aventure intergalactique au c\u0153ur des plan\u00e8tes et des \u00e9toiles ! <img decoding=\"async\" class=\"emoji\" role=\"img\" draggable=\"false\" src=\"https:\/\/s.w.org\/images\/core\/emoji\/17.0.2\/svg\/1f320.svg\" alt=\"\ud83c\udf20\" \/>\u00a0: LA CHASSE AUX \u00c9TOILES<br \/>Cette ann\u00e9e, les petits explorateurs embarquent pour une mission spatiale magique, \u00e0 la d\u00e9couverte des secrets du ciel\u2026\u00a0\u00a0<img decoding=\"async\" class=\"emoji\" role=\"img\" draggable=\"false\" src=\"https:\/\/s.w.org\/images\/core\/emoji\/17.0.2\/svg\/1f319.svg\" alt=\"\ud83c\udf19\" \/><img decoding=\"async\" class=\"emoji\" role=\"img\" draggable=\"false\" src=\"https:\/\/s.w.org\/images\/core\/emoji\/17.0.2\/svg\/1fa90.svg\" alt=\"\ud83e\ude90\" \/>\u00a0Une animation con\u00e7ue par l&rsquo;artiste <strong><a href=\"https:\/\/www.instagram.com\/cerforet\/\" target=\"_blank\" rel=\"noopener\">Cerforet<\/a><\/strong>.<\/p><p>Une apr\u00e8s-midi festive, ludique et pleine de surprises avant la grande parade !\u00a0<\/p>\t\t\t\t\t\t\t\t<\/div>\n\t\t\t\t<\/div>\n\t\t\t\t<div class=\"elementor-element elementor-element-826632a elementor-widget__width-initial elementor-widget elementor-widget-text-editor\" data-id=\"826632a\" data-element_type=\"widget\" data-e-type=\"widget\" data-widget_type=\"text-editor.default\">\n\t\t\t\t<div class=\"elementor-widget-container\">\n\t\t\t\t\t\t\t\t\t<p>Avec nos partenaires <strong><a href=\"https:\/\/cacaofages.com\/\" target=\"_blank\" rel=\"noopener\">Cacofages<\/a><\/strong> pour les plaisirs chocolat\u00e9s et <strong><a href=\"https:\/\/www.instagram.com\/cerforet\/\" target=\"_blank\" rel=\"noopener\">Cerforet<\/a><\/strong> pour la sc\u00e9nographie. <br \/>&#8211; Jeux &amp; stands<br \/>\u2013 Batucadas avec la batucada enfants et la batucada jeunes de <strong><a href=\"https:\/\/samba-resille.org\/site\/jeune-public\/\" target=\"_blank\" rel=\"noopener\">Samba R\u00e9sille<\/a><\/strong><br \/>&#8211; Avec les <strong><a href=\"https:\/\/www.facebook.com\/p\/Castellers-de-Tolosa-61567059665082\/\" target=\"_blank\" rel=\"noopener\">Castellers de Tolosa<\/a> <\/strong>(Tours humaines)<\/p>\t\t\t\t\t\t\t\t<\/div>\n\t\t\t\t<\/div>\n\t\t\t\t\t<\/div>\n\t\t<\/div>\n\t\t\t\t\t<\/div>\n\t\t<\/section>\n\t\t\t\t<section class=\"elementor-section elementor-top-section elementor-element elementor-element-cf40f41 elementor-section-boxed elementor-section-height-default elementor-section-height-default\" data-id=\"cf40f41\" data-element_type=\"section\" data-e-type=\"section\">\n\t\t\t\t\t\t<div class=\"elementor-container elementor-column-gap-default\">\n\t\t\t\t\t<div class=\"elementor-column elementor-col-50 elementor-top-column elementor-element elementor-element-67eaaca\" data-id=\"67eaaca\" data-element_type=\"column\" data-e-type=\"column\">\n\t\t\t<div class=\"elementor-widget-wrap elementor-element-populated\">\n\t\t\t\t\t\t<div class=\"elementor-element elementor-element-c4a5d4b elementor-widget elementor-widget-video\" data-id=\"c4a5d4b\" data-element_type=\"widget\" data-e-type=\"widget\" data-settings=\"{&quot;youtube_url&quot;:&quot;https:\\\/\\\/youtu.be\\\/uoBvjs54UKw&quot;,&quot;video_type&quot;:&quot;youtube&quot;,&quot;controls&quot;:&quot;yes&quot;}\" data-widget_type=\"video.default\">\n\t\t\t\t<div class=\"elementor-widget-container\">\n\t\t\t\t\t\t\t<div class=\"elementor-wrapper elementor-open-inline\">\n\t\t\t<div class=\"elementor-video\"><\/div>\t\t<\/div>\n\t\t\t\t\t\t<\/div>\n\t\t\t\t<\/div>\n\t\t\t\t\t<\/div>\n\t\t<\/div>\n\t\t\t\t<div class=\"elementor-column elementor-col-50 elementor-top-column elementor-element elementor-element-93a15b6\" data-id=\"93a15b6\" data-element_type=\"column\" data-e-type=\"column\">\n\t\t\t<div class=\"elementor-widget-wrap elementor-element-populated\">\n\t\t\t\t\t\t<div class=\"elementor-element elementor-element-907a63f elementor-widget elementor-widget-video\" data-id=\"907a63f\" data-element_type=\"widget\" data-e-type=\"widget\" data-settings=\"{&quot;youtube_url&quot;:&quot;https:\\\/\\\/youtu.be\\\/IzwmvE45Vn4?si=-tHb4fWQxdwpNPab&quot;,&quot;video_type&quot;:&quot;youtube&quot;,&quot;controls&quot;:&quot;yes&quot;}\" data-widget_type=\"video.default\">\n\t\t\t\t<div class=\"elementor-widget-container\">\n\t\t\t\t\t\t\t<div class=\"elementor-wrapper elementor-open-inline\">\n\t\t\t<div class=\"elementor-video\"><\/div>\t\t<\/div>\n\t\t\t\t\t\t<\/div>\n\t\t\t\t<\/div>\n\t\t\t\t\t<\/div>\n\t\t<\/div>\n\t\t\t\t\t<\/div>\n\t\t<\/section>\n\t\t\t\t<section class=\"elementor-section elementor-top-section elementor-element elementor-element-ad42f69 elementor-section-boxed elementor-section-height-default elementor-section-height-default\" data-id=\"ad42f69\" data-element_type=\"section\" data-e-type=\"section\">\n\t\t\t\t\t\t<div class=\"elementor-container elementor-column-gap-default\">\n\t\t\t\t\t<div class=\"elementor-column elementor-col-100 elementor-top-column elementor-element elementor-element-82ec74f\" data-id=\"82ec74f\" data-element_type=\"column\" data-e-type=\"column\">\n\t\t\t<div class=\"elementor-widget-wrap elementor-element-populated\">\n\t\t\t\t\t\t<div class=\"elementor-element elementor-element-1874bf6 elementor-widget elementor-widget-html\" data-id=\"1874bf6\" data-element_type=\"widget\" data-e-type=\"widget\" data-widget_type=\"html.default\">\n\t\t\t\t<div class=\"elementor-widget-container\">\n\t\t\t\t\t<iframe id=\"haWidget\" allowtransparency=\"true\" scrolling=\"auto\" src=\"https:\/\/www.helloasso.com\/associations\/association-le-cocu\/formulaires\/1\/widget\" style=\"width: 100%; height: 750px; border: none;\" onload=\"window.addEventListener('message', function(e) { const dataHeight = e.data.height; const haWidgetElement = document.getElementById('haWidget'); \n  if (dataHeight > parseFloat(haWidgetElement.height || 0)) { haWidgetElement.height = dataHeight + 'px';}})\"><\/iframe>\t\t\t\t<\/div>\n\t\t\t\t<\/div>\n\t\t\t\t<div class=\"elementor-element elementor-element-361f678 elementor-widget elementor-widget-menu-anchor\" data-id=\"361f678\" data-element_type=\"widget\" data-e-type=\"widget\" data-widget_type=\"menu-anchor.default\">\n\t\t\t\t<div class=\"elementor-widget-container\">\n\t\t\t\t\t\t\t<div class=\"elementor-menu-anchor\" id=\"parade2026\"><\/div>\n\t\t\t\t\t\t<\/div>\n\t\t\t\t<\/div>\n\t\t\t\t\t<\/div>\n\t\t<\/div>\n\t\t\t\t\t<\/div>\n\t\t<\/section>\n\t\t\t\t<section class=\"elementor-section elementor-top-section elementor-element elementor-element-3a22306 elementor-section-boxed elementor-section-height-default elementor-section-height-default\" data-id=\"3a22306\" data-element_type=\"section\" data-e-type=\"section\" data-settings=\"{&quot;background_background&quot;:&quot;classic&quot;}\">\n\t\t\t\t\t\t<div class=\"elementor-container elementor-column-gap-default\">\n\t\t\t\t\t<div class=\"elementor-column elementor-col-100 elementor-top-column elementor-element elementor-element-002f61c\" data-id=\"002f61c\" data-element_type=\"column\" data-e-type=\"column\">\n\t\t\t<div class=\"elementor-widget-wrap elementor-element-populated\">\n\t\t\t\t\t\t<div class=\"elementor-element elementor-element-7912b7b elementor-hidden-mobile elementor-widget elementor-widget-heading\" data-id=\"7912b7b\" data-element_type=\"widget\" data-e-type=\"widget\" data-widget_type=\"heading.default\">\n\t\t\t\t<div class=\"elementor-widget-container\">\n\t\t\t\t\t<h1 class=\"elementor-heading-title elementor-size-default\">LA PARADE DES COCUS <br>Samedi 14 mars 2026<\/h1>\t\t\t\t<\/div>\n\t\t\t\t<\/div>\n\t\t\t\t<div class=\"elementor-element elementor-element-9806337 elementor-hidden-desktop elementor-hidden-tablet elementor-widget elementor-widget-heading\" data-id=\"9806337\" data-element_type=\"widget\" data-e-type=\"widget\" data-widget_type=\"heading.default\">\n\t\t\t\t<div class=\"elementor-widget-container\">\n\t\t\t\t\t<h4 class=\"elementor-heading-title elementor-size-default\">LA PARADE DES COCUS <br> Samedi 14 mars 2026<\/h4>\t\t\t\t<\/div>\n\t\t\t\t<\/div>\n\t\t\t\t\t<\/div>\n\t\t<\/div>\n\t\t\t\t\t<\/div>\n\t\t<\/section>\n\t\t\t\t<section class=\"elementor-section elementor-top-section elementor-element elementor-element-890f6d5 elementor-section-boxed elementor-section-height-default elementor-section-height-default\" data-id=\"890f6d5\" data-element_type=\"section\" data-e-type=\"section\" data-settings=\"{&quot;background_background&quot;:&quot;classic&quot;}\">\n\t\t\t\t\t\t<div class=\"elementor-container elementor-column-gap-default\">\n\t\t\t\t\t<div class=\"elementor-column elementor-col-50 elementor-top-column elementor-element elementor-element-54aff12\" data-id=\"54aff12\" data-element_type=\"column\" data-e-type=\"column\">\n\t\t\t<div class=\"elementor-widget-wrap elementor-element-populated\">\n\t\t\t\t\t\t<div class=\"elementor-element elementor-element-9281a39 elementor-widget elementor-widget-image\" data-id=\"9281a39\" data-element_type=\"widget\" data-e-type=\"widget\" data-widget_type=\"image.default\">\n\t\t\t\t<div class=\"elementor-widget-container\">\n\t\t\t\t\t\t\t\t\t\t\t\t\t\t\t<img loading=\"lazy\" decoding=\"async\" width=\"800\" height=\"1000\" src=\"https:\/\/carnavaldetoulouse.fr\/SiteCarnaval\/wp-content\/uploads\/2026\/02\/4.post-events-2026-819x1024.jpg\" class=\"attachment-large size-large wp-image-6686\" alt=\"\" srcset=\"https:\/\/carnavaldetoulouse.fr\/SiteCarnaval\/wp-content\/uploads\/2026\/02\/4.post-events-2026-819x1024.jpg 819w, https:\/\/carnavaldetoulouse.fr\/SiteCarnaval\/wp-content\/uploads\/2026\/02\/4.post-events-2026-240x300.jpg 240w, https:\/\/carnavaldetoulouse.fr\/SiteCarnaval\/wp-content\/uploads\/2026\/02\/4.post-events-2026-768x960.jpg 768w, https:\/\/carnavaldetoulouse.fr\/SiteCarnaval\/wp-content\/uploads\/2026\/02\/4.post-events-2026.jpg 1080w\" sizes=\"(max-width: 800px) 100vw, 800px\" \/>\t\t\t\t\t\t\t\t\t\t\t\t\t\t\t<\/div>\n\t\t\t\t<\/div>\n\t\t\t\t\t<\/div>\n\t\t<\/div>\n\t\t\t\t<div class=\"elementor-column elementor-col-50 elementor-top-column elementor-element elementor-element-6ff78d0\" data-id=\"6ff78d0\" data-element_type=\"column\" data-e-type=\"column\">\n\t\t\t<div class=\"elementor-widget-wrap elementor-element-populated\">\n\t\t\t\t\t\t<div class=\"elementor-element elementor-element-945b8a0 elementor-widget elementor-widget-text-editor\" data-id=\"945b8a0\" data-element_type=\"widget\" data-e-type=\"widget\" data-widget_type=\"text-editor.default\">\n\t\t\t\t<div class=\"elementor-widget-container\">\n\t\t\t\t\t\t\t\t\t<p><span style=\"color: #ffffff;\"><strong>Samedi 14 mars \/ <\/strong><strong>19h30 &gt; minuit<\/strong><\/span><\/p><p><span style=\"color: #ffffff;\"><strong>Parcours :<\/strong> Boulevard d\u2019Arcole &gt; Boulevard Strasbourg &gt; Jean Jaur\u00e8s &gt; Ramblas Jean Jaur\u00e8s<\/span><\/p><p><span style=\"color: #ffffff;\"><strong>\u00c9tapes :<\/strong><\/span><br \/><span style=\"color: #ffffff;\">&#8211; Installation des groupes et chars<br \/><\/span><span style=\"color: #ffffff;\">&#8211; 19h30 &gt; Remise de la Cl\u00e9 de la Ville par le Maire<br \/>(avec les Castellers de Tolosa)<\/span><br \/><span style=\"color: #ffffff;\">&#8211; D\u00e9part de la parade <\/span><br \/><span style=\"color: #ffffff;\">&#8211; Arriv\u00e9e sur les all\u00e9es Jean Jaur\u00e8s<\/span><br \/><span style=\"color: #ffffff;\">&#8211; Final village musical jusqu&rsquo;\u00e0 23h45<\/span><\/p>\t\t\t\t\t\t\t\t<\/div>\n\t\t\t\t<\/div>\n\t\t\t\t<div class=\"elementor-element elementor-element-aadd66f elementor-widget elementor-widget-text-editor\" data-id=\"aadd66f\" data-element_type=\"widget\" data-e-type=\"widget\" data-widget_type=\"text-editor.default\">\n\t\t\t\t<div class=\"elementor-widget-container\">\n\t\t\t\t\t\t\t\t\t<p><span style=\"color: #ffffff;\"><strong><img loading=\"lazy\" decoding=\"async\" class=\"wp-image-6731 alignleft\" src=\"https:\/\/carnavaldetoulouse.fr\/SiteCarnaval\/wp-content\/uploads\/2026\/02\/ORIGINAL_Logo_Tisseo-Voyageurs-300x298.png\" alt=\"\" width=\"70\" height=\"70\" srcset=\"https:\/\/carnavaldetoulouse.fr\/SiteCarnaval\/wp-content\/uploads\/2026\/02\/ORIGINAL_Logo_Tisseo-Voyageurs-300x298.png 300w, https:\/\/carnavaldetoulouse.fr\/SiteCarnaval\/wp-content\/uploads\/2026\/02\/ORIGINAL_Logo_Tisseo-Voyageurs-1024x1018.png 1024w, https:\/\/carnavaldetoulouse.fr\/SiteCarnaval\/wp-content\/uploads\/2026\/02\/ORIGINAL_Logo_Tisseo-Voyageurs-150x150.png 150w, https:\/\/carnavaldetoulouse.fr\/SiteCarnaval\/wp-content\/uploads\/2026\/02\/ORIGINAL_Logo_Tisseo-Voyageurs-768x763.png 768w, https:\/\/carnavaldetoulouse.fr\/SiteCarnaval\/wp-content\/uploads\/2026\/02\/ORIGINAL_Logo_Tisseo-Voyageurs.png 1156w\" sizes=\"(max-width: 70px) 100vw, 70px\" \/>Acc\u00e8s : Privil\u00e9giez les transports en commun avec TISSEO<\/strong><strong>\u00a0 &gt;&gt;&gt;<\/strong><\/span><\/p>\t\t\t\t\t\t\t\t<\/div>\n\t\t\t\t<\/div>\n\t\t\t\t<div class=\"elementor-element elementor-element-b88f51b elementor-widget elementor-widget-text-editor\" data-id=\"b88f51b\" data-element_type=\"widget\" data-e-type=\"widget\" data-widget_type=\"text-editor.default\">\n\t\t\t\t<div class=\"elementor-widget-container\">\n\t\t\t\t\t\t\t\t\t<p><span style=\"color: #993366;\"><a style=\"color: #993366;\" href=\"https:\/\/carnavaldetoulouse.fr\/SiteCarnaval\/retour-en-images-sur-le-defile-du-19-avril\/\"><strong>RETOUR EN IMAGES SUR LE <\/strong><\/a><strong><a style=\"color: #993366;\" href=\"https:\/\/carnavaldetoulouse.fr\/SiteCarnaval\/retour-en-images-sur-le-defile-du-19-avril\/\">GRAND D\u00c9FIL\u00c9 DU <\/a><a href=\"https:\/\/carnavaldetoulouse.fr\/SiteCarnaval\/retour-en-images-sur-le-defile-du-19-avril\/\" target=\"_blank\" rel=\"noopener\">CARNAVAL 2025 ICI &gt;&gt;&gt;<\/a><\/strong><\/span><\/p>\t\t\t\t\t\t\t\t<\/div>\n\t\t\t\t<\/div>\n\t\t\t\t\t<\/div>\n\t\t<\/div>\n\t\t\t\t\t<\/div>\n\t\t<\/section>\n\t\t\t\t<section class=\"elementor-section elementor-top-section elementor-element elementor-element-7dd6da1 elementor-section-boxed elementor-section-height-default elementor-section-height-default\" data-id=\"7dd6da1\" data-element_type=\"section\" data-e-type=\"section\" data-settings=\"{&quot;background_background&quot;:&quot;classic&quot;}\">\n\t\t\t\t\t\t<div class=\"elementor-container elementor-column-gap-default\">\n\t\t\t\t\t<div class=\"elementor-column elementor-col-100 elementor-top-column elementor-element elementor-element-e55734a\" data-id=\"e55734a\" data-element_type=\"column\" data-e-type=\"column\">\n\t\t\t<div class=\"elementor-widget-wrap elementor-element-populated\">\n\t\t\t\t\t\t<div class=\"elementor-element elementor-element-437d375 elementor-widget elementor-widget-heading\" data-id=\"437d375\" data-element_type=\"widget\" data-e-type=\"widget\" data-widget_type=\"heading.default\">\n\t\t\t\t<div class=\"elementor-widget-container\">\n\t\t\t\t\t<h2 class=\"elementor-heading-title elementor-size-default\">LES PARTICIPANTS DU D\u00c9FIL\u00c9 2026<\/h2>\t\t\t\t<\/div>\n\t\t\t\t<\/div>\n\t\t\t\t\t<\/div>\n\t\t<\/div>\n\t\t\t\t\t<\/div>\n\t\t<\/section>\n\t\t\t\t<section class=\"elementor-section elementor-top-section elementor-element elementor-element-9710d96 elementor-section-boxed elementor-section-height-default elementor-section-height-default\" data-id=\"9710d96\" data-element_type=\"section\" data-e-type=\"section\" data-settings=\"{&quot;background_background&quot;:&quot;classic&quot;}\">\n\t\t\t\t\t\t<div class=\"elementor-container elementor-column-gap-default\">\n\t\t\t\t\t<div class=\"elementor-column elementor-col-50 elementor-top-column elementor-element elementor-element-76c663d\" data-id=\"76c663d\" data-element_type=\"column\" data-e-type=\"column\">\n\t\t\t<div class=\"elementor-widget-wrap elementor-element-populated\">\n\t\t\t\t\t\t<div class=\"elementor-element elementor-element-6772dbc elementor-widget elementor-widget-text-editor\" data-id=\"6772dbc\" data-element_type=\"widget\" data-e-type=\"widget\" data-widget_type=\"text-editor.default\">\n\t\t\t\t<div class=\"elementor-widget-container\">\n\t\t\t\t\t\t\t\t\t<p><span style=\"color: #ffffff;\"><strong>&#8211;<a style=\"color: #ffffff;\" href=\"https:\/\/www.instagram.com\/aci.indonesie\/\" target=\"_blank\" rel=\"noopener\"> Association Couleurs D&rsquo;Indon\u00e9sie<\/a><\/strong><\/span><br \/><span style=\"color: #ffffff;\"><strong>&#8211; <a style=\"color: #ffffff;\" href=\"https:\/\/www.instagram.com\/bagassperkisyon\/\" target=\"_blank\" rel=\"noopener\">Bagass&rsquo; Perkisyon<\/a><br \/>&#8211; <\/strong><\/span><a href=\"https:\/\/www.instagram.com\/lunatikmass97\/\" target=\"_blank\" rel=\"noopener\"><span style=\"color: #ffffff;\"><strong>Lunatik Mass<\/strong><\/span> <\/a><br \/><span style=\"color: #ffffff;\"><strong>&#8211; <a style=\"color: #ffffff;\" href=\"https:\/\/www.instagram.com\/lyannaj.34\/\" target=\"_blank\" rel=\"noopener\">Lyannaj&rsquo;34<\/a><\/strong><\/span><br \/><span style=\"color: #ffffff;\"><strong>&#8211; Accueil de Loisirs Petit Capitole &#8211; Mairie de Toulouse<\/strong><\/span><br \/><span style=\"color: #ffffff;\"><strong>&#8211; <a style=\"color: #ffffff;\" href=\"https:\/\/www.instagram.com\/mabouyala\/\" target=\"_blank\" rel=\"noopener\">Mabouya-la<\/a><\/strong><\/span><br \/><span style=\"color: #ffffff;\"><strong>&#8211; <a style=\"color: #ffffff;\" href=\"https:\/\/www.instagram.com\/twopikal_allstars\/\" rel=\"noopener\">Twopikal All Stars<\/a><\/strong><\/span><br \/><span style=\"color: #ffffff;\"><strong>&#8211; <a style=\"color: #ffffff;\" href=\"https:\/\/www.instagram.com\/mvss.toulouse\/\" target=\"_blank\" rel=\"noopener\">Caporales Mi Viejo San Simon<\/a><br \/><\/strong><strong>&#8211; <a style=\"color: #ffffff;\" href=\"https:\/\/metropole.toulouse.fr\/mon-quotidien\/enfance-jeunesse\/loisirs-et-vacances\/les-accueils-de-loisirs-pour-les-enfants-et-jeunes\" target=\"_blank\" rel=\"noopener\">Accueil de loisirs de Toulouse<br \/><\/a><\/strong><\/span><span style=\"color: #ffffff;\"><strong>&#8211; <a style=\"color: #ffffff;\" href=\"https:\/\/www.instagram.com\/fully_mass\/\" target=\"_blank\" rel=\"noopener\">Fully Mass<\/a><\/strong><\/span><\/p>\t\t\t\t\t\t\t\t<\/div>\n\t\t\t\t<\/div>\n\t\t\t\t\t<\/div>\n\t\t<\/div>\n\t\t\t\t<div class=\"elementor-column elementor-col-50 elementor-top-column elementor-element elementor-element-ac73f13\" data-id=\"ac73f13\" data-element_type=\"column\" data-e-type=\"column\">\n\t\t\t<div class=\"elementor-widget-wrap elementor-element-populated\">\n\t\t\t\t\t\t<div class=\"elementor-element elementor-element-56bb0be elementor-widget elementor-widget-text-editor\" data-id=\"56bb0be\" data-element_type=\"widget\" data-e-type=\"widget\" data-widget_type=\"text-editor.default\">\n\t\t\t\t<div class=\"elementor-widget-container\">\n\t\t\t\t\t\t\t\t\t<p><span style=\"color: #ffffff;\"><strong>&#8211;<a style=\"color: #ffffff;\" href=\"https:\/\/www.instagram.com\/azamul_association\/\" target=\"_blank\" rel=\"noopener\">Association Azamul<\/a><\/strong><\/span><br \/><span style=\"color: #ffffff;\"><strong>&#8211; <a style=\"color: #ffffff;\" href=\"https:\/\/www.instagram.com\/alkiminia_batucada\/\" target=\"_blank\" rel=\"noopener\">Alkiminia Samba Reggae<\/a><\/strong><\/span><br \/><span style=\"color: #ffffff;\"><strong>&#8211; <a style=\"color: #ffffff;\" href=\"https:\/\/www.instagram.com\/kann.a.vaval\/\" target=\"_blank\" rel=\"noopener\">Kann\u2019 A Vaval\u00a0<\/a><\/strong><\/span><br \/><span style=\"color: #ffffff;\"><strong>&#8211; <a style=\"color: #ffffff;\" href=\"https:\/\/www.instagram.com\/fet.tif974\/\" target=\"_blank\" rel=\"noopener\">Association Fet Tif R\u00e9union<\/a><\/strong><\/span><br \/><span style=\"color: #ffffff;\"><strong>&#8211; <a style=\"color: #ffffff;\" href=\"https:\/\/www.instagram.com\/kra_vybz\/\" target=\"_blank\" rel=\"noopener\">Karibean VYBZ<\/a> (K&rsquo;RA VYBZ)<\/strong><\/span><br \/><span style=\"color: #ffffff;\"><strong>&#8211; <a style=\"color: #ffffff;\" href=\"https:\/\/www.instagram.com\/asso.kiltirvavang\/\" target=\"_blank\" rel=\"noopener\">Association kiltir vavang<\/a><\/strong><\/span><br \/><span style=\"color: #ffffff;\"><strong>&#8211; Accueil de jour MAS Jean de la Fontaine\/CLAE maternelle Michoun<\/strong><\/span><br \/><span style=\"color: #ffffff;\"><strong>&#8211; <a style=\"color: #ffffff;\" href=\"https:\/\/www.instagram.com\/island_touch_sxm\/\" target=\"_blank\" rel=\"noopener\">Island Touch S<\/a>XM (Char Vid\u00e9)<\/strong><\/span><br \/><span style=\"color: #ffffff;\"><strong>&#8211; Territoire sud Pole culture sud-est &#8211; Mirail Reynerie Bellefontaine<\/strong><\/span><br \/><span style=\"color: #ffffff;\"><strong>&#8211;\u00a0<a style=\"color: #ffffff;\" href=\"https:\/\/www.instagram.com\/youco_fr\/\" target=\"_blank\" rel=\"noopener\">Youc<\/a>o<\/strong><\/span><\/p>\t\t\t\t\t\t\t\t<\/div>\n\t\t\t\t<\/div>\n\t\t\t\t\t<\/div>\n\t\t<\/div>\n\t\t\t\t\t<\/div>\n\t\t<\/section>\n\t\t\t\t<section class=\"elementor-section elementor-top-section elementor-element elementor-element-bdb070c elementor-section-boxed elementor-section-height-default elementor-section-height-default\" data-id=\"bdb070c\" data-element_type=\"section\" data-e-type=\"section\" data-settings=\"{&quot;background_background&quot;:&quot;classic&quot;}\">\n\t\t\t\t\t\t<div class=\"elementor-container elementor-column-gap-default\">\n\t\t\t\t\t<div class=\"elementor-column elementor-col-100 elementor-top-column elementor-element elementor-element-a7e4898\" data-id=\"a7e4898\" data-element_type=\"column\" data-e-type=\"column\">\n\t\t\t<div class=\"elementor-widget-wrap elementor-element-populated\">\n\t\t\t\t\t\t<div class=\"elementor-element elementor-element-3851201 elementor-widget elementor-widget-text-editor\" data-id=\"3851201\" data-element_type=\"widget\" data-e-type=\"widget\" data-widget_type=\"text-editor.default\">\n\t\t\t\t<div class=\"elementor-widget-container\">\n\t\t\t\t\t\t\t\t\t<p><span style=\"color: #ffffff;\"><strong>Lunatik Mass<\/strong> \u2013 Un groupe carnavalesque d\u00e9bordant d\u2019\u00e9nergie, inspir\u00e9 par la puissance et la folie festive des carnavals carib\u00e9ens. Pr\u00e9parez-vous \u00e0 une ambiance explosive dans les rues !<\/span><br \/><span style=\"color: #ffffff;\"><strong>Mabouyala<\/strong> \u2013 Un groupe \u00ab Gwoup a po \u00bb qui met en traditions, rythmes et esprit du carnaval pour offrir un d\u00e9fil\u00e9 haut en couleur et plein de vibrations.<\/span><br \/><span style=\"color: #ffffff;\"><strong>Caporales Mi Viejo San Sim\u00f3n<\/strong> \u2013 Groupe de danse folklorique bolivienne reconnu pour ses costumes impressionnants et ses chor\u00e9graphies puissantes inspir\u00e9es de la tradition des Caporales.<\/span><br \/><span style=\"color: #ffffff;\"><strong>Kann\u2019 a Vaval<\/strong> \u2013 Un groupe carnavalesque antillais qui fait r\u00e9sonner les tambours et l\u2019\u00e9nergie des vid\u00e9 pour faire danser la foule.<\/span><br \/><span style=\"color: #ffffff;\"><strong>K\u2019ra Vybz<\/strong> \u2013 Directement de la Martinique, ce groupe de carnaval apporte toute la chaleur et les percussions du carnaval antillais pour enflammer les rues.<\/span><br \/><span style=\"color: #ffffff;\"><strong>Lyannaj 34<\/strong> \u2013 Association carnavalesque guyano-antillais bas\u00e9e \u00e0 Montpellier. Le groupe fait voyager le public au c\u0153ur de la Guyane avec percussions, danse et ambiance carnavalesque.<\/span><br \/><span style=\"color: #ffffff;\"><strong>Kiltir Vavang\u2019<\/strong> \u2013 Association r\u00e9unionnaise bas\u00e9e \u00e0 Toulouse qui met en avant la culture de La R\u00e9union \u00e0 travers la musique, la danse, le maloya et des \u00e9v\u00e9nements culturels.<\/span><br \/><span style=\"color: #ffffff;\"><strong>Fully Mass<\/strong> \u2013 Groupe \u00e0 mass toulousain qui fait vibrer les rues avec ses percussions et son \u00e9nergie carnavalesque.<\/span><br \/><span style=\"color: #ffffff;\"><strong>Bagass\u2019 Perkisyon<\/strong> \u2013 Groupe de carnaval cara\u00efb\u00e9en fond\u00e9 \u00e0 Toulouse qui promeut la culture antillaise \u00e0 travers la musique, les percussions et la danse.<\/span><br \/><span style=\"color: #ffffff;\"><strong>Youco<\/strong> \u2013 Partenaire Officiel du Carnaval de Toulouse, pr\u00e9sent le jour J avec sa mascotte, les sportifs et les influenceurs toulousains pour faire d\u00e9couvrir leurs univers.<\/span><br \/><span style=\"color: #ffffff;\"><strong>Alkiminia Batucada<\/strong> \u2013 Batucada toulousaine, compos\u00e9e de passionn\u00e9s de rythmes samba et reggae. Le groupe apporte une \u00e9nergie festive et entra\u00eenante avec ses percussions.<\/span><br \/><span style=\"color: #ffffff;\"><strong>Association Couleurs d\u2019Indon\u00e9sie (ACI)<\/strong> \u2013 Une association qui fait d\u00e9couvrir la richesse de la culture indon\u00e9sienne \u00e0 travers la danse, les costumes traditionnels et des animations culturelles.<\/span><br \/><span style=\"color: #ffffff;\"><strong>Island Touch SXM<\/strong> \u2013 Un groupe qui met en avant la culture carib\u00e9enne entre Saint-Martin et Toulouse, en promouvant artistes, musique et \u00e9v\u00e9nements.<\/span><br \/><span style=\"color: #ffffff;\"><strong>Twopikal All Stars<\/strong> \u2013 Groupe de carnaval bas\u00e9 \u00e0 Toulouse r\u00e9unissant musiciens et danseurs pour ambiancer les parades avec des rythmes carib\u00e9ens.<\/span><br \/><span style=\"color: #ffffff;\"><strong>Association Fet Tif R\u00e9union<\/strong> \u2013 Association r\u00e9unionnaise \u00e0 Toulouse qui rassemble autour de la culture, des traditions et du partage.<\/span><br \/><span style=\"color: #ffffff;\"><strong>Association AZAMUL<\/strong> \u2013 Association qui met en avant la culture amazighe \u00e0 travers la danse, les traditions et le partage culturel.<\/span><br \/><span style=\"color: #ffffff;\"><strong>Accueil de Loisirs Petit Capitole<\/strong> \u2013 Les enfants et les \u00e9quipes participent au carnaval avec cr\u00e9ativit\u00e9, costumes et bonne humeur.<\/span><br \/><span style=\"color: #ffffff;\"><strong>Accueil de Loisirs de Toulouse<\/strong> \u2013 Les structures d\u2019accueil de la ville s\u2019impliquent pour faire vivre le carnaval avec les jeunes participants.<\/span><br \/><span style=\"color: #ffffff;\"><strong>MAS Jean de la Fontaine \/ CLAE maternelle Michoun<\/strong> \u2013 <strong>Territoire Sud, P\u00f4le Culture Sud-Est<\/strong> \u2013 Des \u00e9quipes et des enfants mobilis\u00e9s pour apporter couleur, cr\u00e9ativit\u00e9 et <strong>\u00e9nergie au d\u00e9fil\u00e9.<\/strong><\/span><br \/><span style=\"color: #ffffff;\"><strong>Mirail \u2013 Reynerie \u2013 Bellefontaine<\/strong> \u2013 Les quartiers participent aussi au carnaval en apportant leur dynamisme et leur richesse culturelle \u00e0 la parade.<\/span><\/p>\t\t\t\t\t\t\t\t<\/div>\n\t\t\t\t<\/div>\n\t\t\t\t\t<\/div>\n\t\t<\/div>\n\t\t\t\t\t<\/div>\n\t\t<\/section>\n\t\t\t\t<section class=\"elementor-section elementor-top-section elementor-element elementor-element-85f5069 elementor-section-boxed elementor-section-height-default elementor-section-height-default\" data-id=\"85f5069\" data-element_type=\"section\" data-e-type=\"section\" data-settings=\"{&quot;background_background&quot;:&quot;classic&quot;}\">\n\t\t\t\t\t\t<div class=\"elementor-container elementor-column-gap-default\">\n\t\t\t\t\t<div class=\"elementor-column elementor-col-50 elementor-top-column elementor-element elementor-element-7fab848\" data-id=\"7fab848\" data-element_type=\"column\" data-e-type=\"column\">\n\t\t\t<div class=\"elementor-widget-wrap elementor-element-populated\">\n\t\t\t\t\t\t<div class=\"elementor-element elementor-element-b178cb7 elementor-widget elementor-widget-text-editor\" data-id=\"b178cb7\" data-element_type=\"widget\" data-e-type=\"widget\" data-widget_type=\"text-editor.default\">\n\t\t\t\t<div class=\"elementor-widget-container\">\n\t\t\t\t\t\t\t\t\t<p><span style=\"color: #ffffff;\">En guest cette ann\u00e9e, les <strong><a style=\"color: #ffffff;\" href=\"https:\/\/www.facebook.com\/p\/Castellers-de-Tolosa-61567059665082\/\" target=\"_blank\" rel=\"noopener\">C<\/a><\/strong><span class=\"x1lliihq x1plvlek xryxfnj x1n2onr6 xyejjpt x15dsfln x193iq5w xeuugli x1fj9vlw x13faqbe x1vvkbs x1s928wv xhkezso x1gmr53x x1cpjm7i x1fgarty x1943h6x x1i0vuye xvs91rp xo1l8bm x5n08af x10wh9bi xpm28yp x8viiok x1o7cslx\" dir=\"auto\"><strong><span style=\"color: #ffffff;\">astellers de Tolosa<\/span><\/strong> au tout d\u00e9but de la parade, un peu avant 19h30 : c&rsquo;est en effet ce groupe toulousain qui r\u00e9alise des tours humaines qui a mis en oeuvre la remise de la cl\u00e9 de la vIlle, temps fort du Carnaval.\u00a0<\/span><\/span><\/p><p><span style=\"color: #ffffff;\">Un moment cl\u00e9 des festivit\u00e9s, qui marque le d\u00e9but de la parade &#8230; le Maire de la Ville remet aux carnavaliers la cl\u00e9 de la ville !<\/span><\/p><p><span style=\"color: #ffffff;\">Un moment fort et\u00a0 symbolique !<\/span><\/p>\t\t\t\t\t\t\t\t<\/div>\n\t\t\t\t<\/div>\n\t\t\t\t\t<\/div>\n\t\t<\/div>\n\t\t\t\t<div class=\"elementor-column elementor-col-50 elementor-top-column elementor-element elementor-element-7200411\" data-id=\"7200411\" data-element_type=\"column\" data-e-type=\"column\">\n\t\t\t<div class=\"elementor-widget-wrap elementor-element-populated\">\n\t\t\t\t\t\t<div class=\"elementor-element elementor-element-d692251 elementor-widget__width-initial elementor-widget elementor-widget-image\" data-id=\"d692251\" data-element_type=\"widget\" data-e-type=\"widget\" data-widget_type=\"image.default\">\n\t\t\t\t<div class=\"elementor-widget-container\">\n\t\t\t\t\t\t\t\t\t\t\t\t\t\t\t<img loading=\"lazy\" decoding=\"async\" width=\"629\" height=\"1024\" src=\"https:\/\/carnavaldetoulouse.fr\/SiteCarnaval\/wp-content\/uploads\/2026\/02\/tour-629x1024.png\" class=\"attachment-large size-large wp-image-6768\" alt=\"\" srcset=\"https:\/\/carnavaldetoulouse.fr\/SiteCarnaval\/wp-content\/uploads\/2026\/02\/tour-629x1024.png 629w, https:\/\/carnavaldetoulouse.fr\/SiteCarnaval\/wp-content\/uploads\/2026\/02\/tour-184x300.png 184w, https:\/\/carnavaldetoulouse.fr\/SiteCarnaval\/wp-content\/uploads\/2026\/02\/tour-768x1251.png 768w, https:\/\/carnavaldetoulouse.fr\/SiteCarnaval\/wp-content\/uploads\/2026\/02\/tour-943x1536.png 943w, https:\/\/carnavaldetoulouse.fr\/SiteCarnaval\/wp-content\/uploads\/2026\/02\/tour.png 1005w\" sizes=\"(max-width: 629px) 100vw, 629px\" \/>\t\t\t\t\t\t\t\t\t\t\t\t\t\t\t<\/div>\n\t\t\t\t<\/div>\n\t\t\t\t\t<\/div>\n\t\t<\/div>\n\t\t\t\t\t<\/div>\n\t\t<\/section>\n\t\t\t\t<section class=\"elementor-section elementor-top-section elementor-element elementor-element-b0cc72b elementor-section-boxed elementor-section-height-default elementor-section-height-default\" data-id=\"b0cc72b\" data-element_type=\"section\" data-e-type=\"section\">\n\t\t\t\t\t\t<div class=\"elementor-container elementor-column-gap-default\">\n\t\t\t\t\t<div class=\"elementor-column elementor-col-50 elementor-top-column elementor-element elementor-element-076be46\" data-id=\"076be46\" data-element_type=\"column\" data-e-type=\"column\">\n\t\t\t<div class=\"elementor-widget-wrap elementor-element-populated\">\n\t\t\t\t\t\t<div class=\"elementor-element elementor-element-e7d03e9 elementor-widget elementor-widget-image\" data-id=\"e7d03e9\" data-element_type=\"widget\" data-e-type=\"widget\" data-widget_type=\"image.default\">\n\t\t\t\t<div class=\"elementor-widget-container\">\n\t\t\t\t\t\t\t\t\t\t\t\t\t\t\t<img loading=\"lazy\" decoding=\"async\" width=\"800\" height=\"1000\" src=\"https:\/\/carnavaldetoulouse.fr\/SiteCarnaval\/wp-content\/uploads\/2026\/03\/deguissement-2026-819x1024.png\" class=\"attachment-large size-large wp-image-6882\" alt=\"\" srcset=\"https:\/\/carnavaldetoulouse.fr\/SiteCarnaval\/wp-content\/uploads\/2026\/03\/deguissement-2026-819x1024.png 819w, https:\/\/carnavaldetoulouse.fr\/SiteCarnaval\/wp-content\/uploads\/2026\/03\/deguissement-2026-240x300.png 240w, https:\/\/carnavaldetoulouse.fr\/SiteCarnaval\/wp-content\/uploads\/2026\/03\/deguissement-2026-768x960.png 768w, https:\/\/carnavaldetoulouse.fr\/SiteCarnaval\/wp-content\/uploads\/2026\/03\/deguissement-2026.png 1080w\" sizes=\"(max-width: 800px) 100vw, 800px\" \/>\t\t\t\t\t\t\t\t\t\t\t\t\t\t\t<\/div>\n\t\t\t\t<\/div>\n\t\t\t\t\t<\/div>\n\t\t<\/div>\n\t\t\t\t<div class=\"elementor-column elementor-col-50 elementor-top-column elementor-element elementor-element-0de9aab\" data-id=\"0de9aab\" data-element_type=\"column\" data-e-type=\"column\">\n\t\t\t<div class=\"elementor-widget-wrap elementor-element-populated\">\n\t\t\t\t\t\t<div class=\"elementor-element elementor-element-dec67f8 elementor-widget elementor-widget-text-editor\" data-id=\"dec67f8\" data-element_type=\"widget\" data-e-type=\"widget\" data-widget_type=\"text-editor.default\">\n\t\t\t\t<div class=\"elementor-widget-container\">\n\t\t\t\t\t\t\t\t\t<p>Cette ann\u00e9e, le COCU vous donne rendez-vous pour le carnaval des enfants le 11 mars et la grande parade le SAMEDI 14 mars ! Pour faire partie de ces \u00e9v\u00e9nements, le COCU vous invite sous la banni\u00e8re de la couleur rose, TOUS EN ROSE !<\/p><p><strong>Pour vous aider \u00e0 trouver des id\u00e9es de d\u00e9guisements ou parfaire votre tenue de carnaval, rendez-vous chez nos partenaires <a href=\"https:\/\/www.instagram.com\/cameleonenfete\/\" target=\"_blank\" rel=\"noopener\">Cam\u00e9leon en f\u00eate<\/a>, <a href=\"https:\/\/www.lafete-toulouse.fr\/\" target=\"_blank\" rel=\"noopener\">Cam\u00e9l\u00e9on<\/a> et <a href=\"https:\/\/www.decoballons.com\/\" target=\"_blank\" rel=\"noopener\">Tout Pour la F\u00eate<\/a> qui vous accueilleront dans leur boutique avec une r\u00e9duction de 25% (code\u00a0 ROSE)*<\/strong><\/p><p>&#8211; Magasin Cam\u00e9l\u00e9on en f\u00eate :<br \/>Za Gramont, 52 Chem. de Gabardie, 31200 Toulouse<br \/>&#8211; Magasin CAMELEON (centre ville)<br \/>16 Rue Maurice Fonvieille &#8211; Passage Saint J\u00e9rome 31000 Toulouse<br \/>&#8211; Magasin Deco ballons services\/ tout pour la fete<br \/>56 Rte de Paris, 31150 Fenouillet<\/p>\t\t\t\t\t\t\t\t<\/div>\n\t\t\t\t<\/div>\n\t\t\t\t<div class=\"elementor-element elementor-element-b42120b elementor-widget elementor-widget-text-editor\" data-id=\"b42120b\" data-element_type=\"widget\" data-e-type=\"widget\" data-widget_type=\"text-editor.default\">\n\t\t\t\t<div class=\"elementor-widget-container\">\n\t\t\t\t\t\t\t\t\t<p><span style=\"color: #333333;\">*jusqu&rsquo;au 14 mars 2026<\/span><\/p>\t\t\t\t\t\t\t\t<\/div>\n\t\t\t\t<\/div>\n\t\t\t\t\t<\/div>\n\t\t<\/div>\n\t\t\t\t\t<\/div>\n\t\t<\/section>\n\t\t\t\t<section class=\"elementor-section elementor-top-section elementor-element elementor-element-7e860be elementor-section-boxed elementor-section-height-default elementor-section-height-default\" data-id=\"7e860be\" data-element_type=\"section\" data-e-type=\"section\" data-settings=\"{&quot;background_background&quot;:&quot;classic&quot;}\">\n\t\t\t\t\t\t<div class=\"elementor-container elementor-column-gap-default\">\n\t\t\t\t\t<div class=\"elementor-column elementor-col-100 elementor-top-column elementor-element elementor-element-af3f2e4\" data-id=\"af3f2e4\" data-element_type=\"column\" data-e-type=\"column\">\n\t\t\t<div class=\"elementor-widget-wrap elementor-element-populated\">\n\t\t\t\t\t\t<div class=\"elementor-element elementor-element-b28874a elementor-hidden-mobile elementor-widget elementor-widget-heading\" data-id=\"b28874a\" data-element_type=\"widget\" data-e-type=\"widget\" data-widget_type=\"heading.default\">\n\t\t\t\t<div class=\"elementor-widget-container\">\n\t\t\t\t\t<h1 class=\"elementor-heading-title elementor-size-default\">LES AFTERS CARNAVAL <br> Samedi 14 MARS 2026<\/h1>\t\t\t\t<\/div>\n\t\t\t\t<\/div>\n\t\t\t\t<div class=\"elementor-element elementor-element-4b347ff elementor-hidden-desktop elementor-hidden-tablet elementor-widget elementor-widget-heading\" data-id=\"4b347ff\" data-element_type=\"widget\" data-e-type=\"widget\" data-widget_type=\"heading.default\">\n\t\t\t\t<div class=\"elementor-widget-container\">\n\t\t\t\t\t<h4 class=\"elementor-heading-title elementor-size-default\">LES AFTERS CARNAVAL <br> Samedi 14 MARS 2026<\/h4>\t\t\t\t<\/div>\n\t\t\t\t<\/div>\n\t\t\t\t\t<\/div>\n\t\t<\/div>\n\t\t\t\t\t<\/div>\n\t\t<\/section>\n\t\t\t\t<section class=\"elementor-section elementor-top-section elementor-element elementor-element-8f5af9b elementor-section-boxed elementor-section-height-default elementor-section-height-default\" data-id=\"8f5af9b\" data-element_type=\"section\" data-e-type=\"section\" data-settings=\"{&quot;background_background&quot;:&quot;classic&quot;}\">\n\t\t\t\t\t\t<div class=\"elementor-container elementor-column-gap-default\">\n\t\t\t\t\t<div class=\"elementor-column elementor-col-33 elementor-top-column elementor-element elementor-element-1504e23\" data-id=\"1504e23\" data-element_type=\"column\" data-e-type=\"column\">\n\t\t\t<div class=\"elementor-widget-wrap elementor-element-populated\">\n\t\t\t\t\t\t<div class=\"elementor-element elementor-element-dd1d26e elementor-widget elementor-widget-text-editor\" data-id=\"dd1d26e\" data-element_type=\"widget\" data-e-type=\"widget\" data-widget_type=\"text-editor.default\">\n\t\t\t\t<div class=\"elementor-widget-container\">\n\t\t\t\t\t\t\t\t\t<p>Apr\u00e8s le Grand D\u00e9fil\u00e9, la f\u00eate continue ! Le Carnaval vous conseille pour trouver des endroits festifs et carnavalesques dans la ville !<\/p>\t\t\t\t\t\t\t\t<\/div>\n\t\t\t\t<\/div>\n\t\t\t\t<div class=\"elementor-element elementor-element-6c393e0 elementor-widget elementor-widget-text-editor\" data-id=\"6c393e0\" data-element_type=\"widget\" data-e-type=\"widget\" data-widget_type=\"text-editor.default\">\n\t\t\t\t<div class=\"elementor-widget-container\">\n\t\t\t\t\t\t\t\t\t<div dir=\"auto\"><a href=\"https:\/\/urbanlab-31.com\/\" target=\"_blank\" rel=\"noopener\"><img loading=\"lazy\" decoding=\"async\" class=\" wp-image-3221 alignleft\" src=\"https:\/\/carnavaldetoulouse.fr\/SiteCarnaval\/wp-content\/uploads\/2024\/02\/Proposition-de-logo-Urban-lab_3-ORANGE_Plan-de-travail-1-02-300x169.png\" alt=\"\" width=\"115\" height=\"65\" srcset=\"https:\/\/carnavaldetoulouse.fr\/SiteCarnaval\/wp-content\/uploads\/2024\/02\/Proposition-de-logo-Urban-lab_3-ORANGE_Plan-de-travail-1-02-300x169.png 300w, https:\/\/carnavaldetoulouse.fr\/SiteCarnaval\/wp-content\/uploads\/2024\/02\/Proposition-de-logo-Urban-lab_3-ORANGE_Plan-de-travail-1-02-1024x576.png 1024w, https:\/\/carnavaldetoulouse.fr\/SiteCarnaval\/wp-content\/uploads\/2024\/02\/Proposition-de-logo-Urban-lab_3-ORANGE_Plan-de-travail-1-02-768x432.png 768w, https:\/\/carnavaldetoulouse.fr\/SiteCarnaval\/wp-content\/uploads\/2024\/02\/Proposition-de-logo-Urban-lab_3-ORANGE_Plan-de-travail-1-02-1536x864.png 1536w, https:\/\/carnavaldetoulouse.fr\/SiteCarnaval\/wp-content\/uploads\/2024\/02\/Proposition-de-logo-Urban-lab_3-ORANGE_Plan-de-travail-1-02-2048x1152.png 2048w\" sizes=\"(max-width: 115px) 100vw, 115px\" \/><\/a>L\u2019AFTER OFFICIEL Du CARNAVAL DE TOULOUSE 2026<br \/>On ne rentre pas dormir\u2026 on continue la f\u00eate apr\u00e8s le d\u00e9fil\u00e9\u2026 c\u2019est l\u00e0 que \u00e7a se passe\u00a0<\/div><div dir=\"auto\"><strong>URBAN LAB<\/strong> <br \/>DJ MJ &amp; MV ON THE KEYS <br \/>D WHITE BUSHMANN<br \/>Mr DJ OREO \/ DJ SHAMZ \/ DJ STEEVA \/ DJ FAATY<br \/><a tabindex=\"0\" href=\"https:\/\/www.google.com\/maps\/place\/\/data=!4m2!3m1!1s0x12aebdba7e2656cb:0x1e1ab4924893fdc1?sa=X&amp;ved=1t:8290&amp;ictx=111\" data-url=\"\/maps\/place\/\/data=!4m2!3m1!1s0x12aebdba7e2656cb:0x1e1ab4924893fdc1?sa=X&amp;ved=2ahUKEwjHvO2Gx5KTAxW8UaQEHb13GNsQ4kB6BAgPEAA\" data-sb=\"\/url?sa=t&amp;source=web&amp;rct=j&amp;opi=89978449&amp;url=\/maps\/place\/\/data%3D!4m2!3m1!1s0x12aebdba7e2656cb:0x1e1ab4924893fdc1%3Fsa%3DX%26ved%3D1t:8290%26ictx%3D111&amp;ved=2ahUKEwjHvO2Gx5KTAxW8UaQEHb13GNsQ4kB6BAgpEAM&amp;usg=AOvVaw1ZP8HPwE6KqlSc7P-HNxiy\">4 Imp. Didier Daurat, 31400 Toulouse<\/a><\/div><div dir=\"auto\"><p>\ud83c\udf9f Pr\u00e9vente disponible sur Bizouk<\/p><\/div>\t\t\t\t\t\t\t\t<\/div>\n\t\t\t\t<\/div>\n\t\t\t\t\t<\/div>\n\t\t<\/div>\n\t\t\t\t<div class=\"elementor-column elementor-col-66 elementor-top-column elementor-element elementor-element-ab06fbc\" data-id=\"ab06fbc\" data-element_type=\"column\" data-e-type=\"column\">\n\t\t\t<div class=\"elementor-widget-wrap elementor-element-populated\">\n\t\t\t\t\t\t<div class=\"elementor-element elementor-element-a3734f0 elementor-widget elementor-widget-text-editor\" data-id=\"a3734f0\" data-element_type=\"widget\" data-e-type=\"widget\" data-widget_type=\"text-editor.default\">\n\t\t\t\t<div class=\"elementor-widget-container\">\n\t\t\t\t\t\t\t\t\t<div><p><strong><a href=\"https:\/\/www.instagram.com\/deliriumcafetoulouse\/?hl=fr\" target=\"_blank\" rel=\"noopener\"><img loading=\"lazy\" decoding=\"async\" class=\" wp-image-6954 alignleft\" src=\"https:\/\/carnavaldetoulouse.fr\/SiteCarnaval\/wp-content\/uploads\/2026\/03\/logo_delirium-272x300.png\" alt=\"\" width=\"90\" height=\"100\" srcset=\"https:\/\/carnavaldetoulouse.fr\/SiteCarnaval\/wp-content\/uploads\/2026\/03\/logo_delirium-272x300.png 272w, https:\/\/carnavaldetoulouse.fr\/SiteCarnaval\/wp-content\/uploads\/2026\/03\/logo_delirium-930x1024.png 930w, https:\/\/carnavaldetoulouse.fr\/SiteCarnaval\/wp-content\/uploads\/2026\/03\/logo_delirium-768x846.png 768w, https:\/\/carnavaldetoulouse.fr\/SiteCarnaval\/wp-content\/uploads\/2026\/03\/logo_delirium-1395x1536.png 1395w, https:\/\/carnavaldetoulouse.fr\/SiteCarnaval\/wp-content\/uploads\/2026\/03\/logo_delirium.png 1632w\" sizes=\"(max-width: 90px) 100vw, 90px\" \/><\/a>Delirium caf\u00e9 Toulouse\u00a0<\/strong><br \/>DJ set (gratuit)<br \/><a tabindex=\"0\" href=\"https:\/\/www.google.com\/maps\/place\/\/data=!4m2!3m1!1s0x12aebc984df129cd:0x4fe24e2a5bd2d576?sa=X&amp;ved=1t:8290&amp;ictx=111\" data-url=\"\/maps\/place\/\/data=!4m2!3m1!1s0x12aebc984df129cd:0x4fe24e2a5bd2d576?sa=X&amp;ved=2ahUKEwjgy-7SlouTAxVjSaQEHeuHEQsQ4kB6BAgREAA\" data-sb=\"\/url?sa=t&amp;source=web&amp;rct=j&amp;opi=89978449&amp;url=\/maps\/place\/\/data%3D!4m2!3m1!1s0x12aebc984df129cd:0x4fe24e2a5bd2d576%3Fsa%3DX%26ved%3D1t:8290%26ictx%3D111&amp;ved=2ahUKEwjgy-7SlouTAxVjSaQEHeuHEQsQ4kB6BAgpEAM&amp;usg=AOvVaw1GpxWW5yCX_9EyvP9DJUPA\">54 All. Jean Jaur\u00e8s, 31000 Toulouse<\/a><\/p><\/div>\t\t\t\t\t\t\t\t<\/div>\n\t\t\t\t<\/div>\n\t\t\t\t<div class=\"elementor-element elementor-element-63d883a elementor-widget elementor-widget-text-editor\" data-id=\"63d883a\" data-element_type=\"widget\" data-e-type=\"widget\" data-widget_type=\"text-editor.default\">\n\t\t\t\t<div class=\"elementor-widget-container\">\n\t\t\t\t\t\t\t\t\t<p><a href=\"https:\/\/www.facebook.com\/labierothequecornerramblas\/\" target=\"_blank\" rel=\"noopener\"><img loading=\"lazy\" decoding=\"async\" class=\"wp-image-6953 alignleft\" src=\"https:\/\/carnavaldetoulouse.fr\/SiteCarnaval\/wp-content\/uploads\/2026\/03\/logo-bierotheque-300x212.png\" alt=\"\" width=\"107\" height=\"76\" srcset=\"https:\/\/carnavaldetoulouse.fr\/SiteCarnaval\/wp-content\/uploads\/2026\/03\/logo-bierotheque-300x212.png 300w, https:\/\/carnavaldetoulouse.fr\/SiteCarnaval\/wp-content\/uploads\/2026\/03\/logo-bierotheque-768x544.png 768w, https:\/\/carnavaldetoulouse.fr\/SiteCarnaval\/wp-content\/uploads\/2026\/03\/logo-bierotheque.png 842w\" sizes=\"(max-width: 107px) 100vw, 107px\" \/><\/a><strong>La Bi\u00e8roth\u00e8que Corner-Ramblas<\/strong><br \/>Happy hour tournant avec des offres toutes les heures, dancefloor.<br \/><a tabindex=\"0\" href=\"https:\/\/www.google.com\/maps\/place\/\/data=!4m2!3m1!1s0x12aebd392a3d3e97:0x5775ed97d143b602?sa=X&amp;ved=1t:8290&amp;ictx=111\" data-url=\"\/maps\/place\/\/data=!4m2!3m1!1s0x12aebd392a3d3e97:0x5775ed97d143b602?sa=X&amp;ved=2ahUKEwjay4y6louTAxW_dqQEHXZmOXcQ4kB6BAgNEAA\" data-sb=\"\/url?sa=t&amp;source=web&amp;rct=j&amp;opi=89978449&amp;url=\/maps\/place\/\/data%3D!4m2!3m1!1s0x12aebd392a3d3e97:0x5775ed97d143b602%3Fsa%3DX%26ved%3D1t:8290%26ictx%3D111&amp;ved=2ahUKEwjay4y6louTAxW_dqQEHXZmOXcQ4kB6BAg6EAM&amp;usg=AOvVaw0OjM1ZfWYOQOuEVslOsdCf\">48 Pl. Nicolas Bachelier, 31000 Toulouse<\/a><\/p>\t\t\t\t\t\t\t\t<\/div>\n\t\t\t\t<\/div>\n\t\t\t\t\t<\/div>\n\t\t<\/div>\n\t\t\t\t\t<\/div>\n\t\t<\/section>\n\t\t\t\t<section class=\"elementor-section elementor-top-section elementor-element elementor-element-8de8c19 elementor-section-boxed elementor-section-height-default elementor-section-height-default\" data-id=\"8de8c19\" data-element_type=\"section\" data-e-type=\"section\" data-settings=\"{&quot;background_background&quot;:&quot;classic&quot;}\">\n\t\t\t\t\t\t<div class=\"elementor-container elementor-column-gap-default\">\n\t\t\t\t\t<div class=\"elementor-column elementor-col-50 elementor-top-column elementor-element elementor-element-c3524c2\" data-id=\"c3524c2\" data-element_type=\"column\" data-e-type=\"column\">\n\t\t\t<div class=\"elementor-widget-wrap elementor-element-populated\">\n\t\t\t\t\t\t<div class=\"elementor-element elementor-element-5b382f3 elementor-widget elementor-widget-image\" data-id=\"5b382f3\" data-element_type=\"widget\" data-e-type=\"widget\" data-widget_type=\"image.default\">\n\t\t\t\t<div class=\"elementor-widget-container\">\n\t\t\t\t\t\t\t\t\t\t\t\t\t\t\t\t<a href=\"https:\/\/carnavaldetoulouse.fr\/SiteCarnaval\/carnaval-du-quartier-guilhemry-bonhoure-25-03-26\/\">\n\t\t\t\t\t\t\t<img loading=\"lazy\" decoding=\"async\" width=\"793\" height=\"555\" src=\"https:\/\/carnavaldetoulouse.fr\/SiteCarnaval\/wp-content\/uploads\/2026\/03\/carnaval25-2.jpg\" class=\"attachment-large size-large wp-image-7160\" alt=\"\" srcset=\"https:\/\/carnavaldetoulouse.fr\/SiteCarnaval\/wp-content\/uploads\/2026\/03\/carnaval25-2.jpg 793w, https:\/\/carnavaldetoulouse.fr\/SiteCarnaval\/wp-content\/uploads\/2026\/03\/carnaval25-2-300x210.jpg 300w, https:\/\/carnavaldetoulouse.fr\/SiteCarnaval\/wp-content\/uploads\/2026\/03\/carnaval25-2-768x538.jpg 768w\" sizes=\"(max-width: 793px) 100vw, 793px\" \/>\t\t\t\t\t\t\t\t<\/a>\n\t\t\t\t\t\t\t\t\t\t\t\t\t\t\t<\/div>\n\t\t\t\t<\/div>\n\t\t\t\t<div class=\"elementor-element elementor-element-a1b1248 elementor-widget elementor-widget-image\" data-id=\"a1b1248\" data-element_type=\"widget\" data-e-type=\"widget\" data-widget_type=\"image.default\">\n\t\t\t\t<div class=\"elementor-widget-container\">\n\t\t\t\t\t\t\t\t\t\t\t\t\t\t\t\t<a href=\"https:\/\/carnavaldetoulouse.fr\/SiteCarnaval\/le-carnaval-du-mirail-01-04-26\/\">\n\t\t\t\t\t\t\t<img loading=\"lazy\" decoding=\"async\" width=\"800\" height=\"296\" src=\"https:\/\/carnavaldetoulouse.fr\/SiteCarnaval\/wp-content\/uploads\/2026\/03\/WhatsApp-Image-2026-03-20-at-16.03.44-1024x379.jpeg\" class=\"attachment-large size-large wp-image-7176\" alt=\"\" srcset=\"https:\/\/carnavaldetoulouse.fr\/SiteCarnaval\/wp-content\/uploads\/2026\/03\/WhatsApp-Image-2026-03-20-at-16.03.44-1024x379.jpeg 1024w, https:\/\/carnavaldetoulouse.fr\/SiteCarnaval\/wp-content\/uploads\/2026\/03\/WhatsApp-Image-2026-03-20-at-16.03.44-300x111.jpeg 300w, https:\/\/carnavaldetoulouse.fr\/SiteCarnaval\/wp-content\/uploads\/2026\/03\/WhatsApp-Image-2026-03-20-at-16.03.44-768x284.jpeg 768w, https:\/\/carnavaldetoulouse.fr\/SiteCarnaval\/wp-content\/uploads\/2026\/03\/WhatsApp-Image-2026-03-20-at-16.03.44-1536x568.jpeg 1536w, https:\/\/carnavaldetoulouse.fr\/SiteCarnaval\/wp-content\/uploads\/2026\/03\/WhatsApp-Image-2026-03-20-at-16.03.44.jpeg 1600w\" sizes=\"(max-width: 800px) 100vw, 800px\" \/>\t\t\t\t\t\t\t\t<\/a>\n\t\t\t\t\t\t\t\t\t\t\t\t\t\t\t<\/div>\n\t\t\t\t<\/div>\n\t\t\t\t\t<\/div>\n\t\t<\/div>\n\t\t\t\t<div class=\"elementor-column elementor-col-50 elementor-top-column elementor-element elementor-element-525ede7\" data-id=\"525ede7\" data-element_type=\"column\" data-e-type=\"column\">\n\t\t\t<div class=\"elementor-widget-wrap elementor-element-populated\">\n\t\t\t\t\t\t<div class=\"elementor-element elementor-element-7e95e44 elementor-widget elementor-widget-image\" data-id=\"7e95e44\" data-element_type=\"widget\" data-e-type=\"widget\" data-widget_type=\"image.default\">\n\t\t\t\t<div class=\"elementor-widget-container\">\n\t\t\t\t\t\t\t\t\t\t\t\t\t\t\t<img loading=\"lazy\" decoding=\"async\" width=\"724\" height=\"1024\" src=\"https:\/\/carnavaldetoulouse.fr\/SiteCarnaval\/wp-content\/uploads\/2026\/03\/WhatsApp-Image-2026-03-27-at-10.36.11-724x1024.jpeg\" class=\"attachment-large size-large wp-image-7189\" alt=\"\" srcset=\"https:\/\/carnavaldetoulouse.fr\/SiteCarnaval\/wp-content\/uploads\/2026\/03\/WhatsApp-Image-2026-03-27-at-10.36.11-724x1024.jpeg 724w, https:\/\/carnavaldetoulouse.fr\/SiteCarnaval\/wp-content\/uploads\/2026\/03\/WhatsApp-Image-2026-03-27-at-10.36.11-212x300.jpeg 212w, https:\/\/carnavaldetoulouse.fr\/SiteCarnaval\/wp-content\/uploads\/2026\/03\/WhatsApp-Image-2026-03-27-at-10.36.11-768x1086.jpeg 768w, https:\/\/carnavaldetoulouse.fr\/SiteCarnaval\/wp-content\/uploads\/2026\/03\/WhatsApp-Image-2026-03-27-at-10.36.11-1086x1536.jpeg 1086w, https:\/\/carnavaldetoulouse.fr\/SiteCarnaval\/wp-content\/uploads\/2026\/03\/WhatsApp-Image-2026-03-27-at-10.36.11.jpeg 1414w\" sizes=\"(max-width: 724px) 100vw, 724px\" \/>\t\t\t\t\t\t\t\t\t\t\t\t\t\t\t<\/div>\n\t\t\t\t<\/div>\n\t\t\t\t\t<\/div>\n\t\t<\/div>\n\t\t\t\t\t<\/div>\n\t\t<\/section>\n\t\t\t\t<section class=\"elementor-section elementor-top-section elementor-element elementor-element-da5f88c elementor-section-boxed elementor-section-height-default elementor-section-height-default\" data-id=\"da5f88c\" data-element_type=\"section\" data-e-type=\"section\" data-settings=\"{&quot;background_background&quot;:&quot;classic&quot;}\">\n\t\t\t\t\t\t<div class=\"elementor-container elementor-column-gap-default\">\n\t\t\t\t\t<div class=\"elementor-column elementor-col-100 elementor-top-column elementor-element elementor-element-52cc406\" data-id=\"52cc406\" data-element_type=\"column\" data-e-type=\"column\">\n\t\t\t<div class=\"elementor-widget-wrap elementor-element-populated\">\n\t\t\t\t\t\t<div class=\"elementor-element elementor-element-77dfba8 elementor-widget elementor-widget-menu-anchor\" data-id=\"77dfba8\" data-element_type=\"widget\" data-e-type=\"widget\" data-widget_type=\"menu-anchor.default\">\n\t\t\t\t<div class=\"elementor-widget-container\">\n\t\t\t\t\t\t\t<div class=\"elementor-menu-anchor\" id=\"GUYANE26\"><\/div>\n\t\t\t\t\t\t<\/div>\n\t\t\t\t<\/div>\n\t\t\t\t<div class=\"elementor-element elementor-element-9b673ef elementor-hidden-mobile elementor-widget elementor-widget-heading\" data-id=\"9b673ef\" data-element_type=\"widget\" data-e-type=\"widget\" data-widget_type=\"heading.default\">\n\t\t\t\t<div class=\"elementor-widget-container\">\n\t\t\t\t\t<h1 class=\"elementor-heading-title elementor-size-default\">JOURN\u00c9E DE LA GUYANE <br> Samedi 2 MAI 2026<\/h1>\t\t\t\t<\/div>\n\t\t\t\t<\/div>\n\t\t\t\t<div class=\"elementor-element elementor-element-feb1e5f elementor-hidden-desktop elementor-hidden-tablet elementor-widget elementor-widget-heading\" data-id=\"feb1e5f\" data-element_type=\"widget\" data-e-type=\"widget\" data-widget_type=\"heading.default\">\n\t\t\t\t<div class=\"elementor-widget-container\">\n\t\t\t\t\t<h4 class=\"elementor-heading-title elementor-size-default\">JOURN\u00c9E DE LA GUYANE<br> Samedi 2 MAI 2026<\/h4>\t\t\t\t<\/div>\n\t\t\t\t<\/div>\n\t\t\t\t\t<\/div>\n\t\t<\/div>\n\t\t\t\t\t<\/div>\n\t\t<\/section>\n\t\t\t\t<section class=\"elementor-section elementor-top-section elementor-element elementor-element-48f2985 elementor-section-boxed elementor-section-height-default elementor-section-height-default\" data-id=\"48f2985\" data-element_type=\"section\" data-e-type=\"section\">\n\t\t\t\t\t\t<div class=\"elementor-container elementor-column-gap-default\">\n\t\t\t\t\t<div class=\"elementor-column elementor-col-50 elementor-top-column elementor-element elementor-element-4eac8a6\" data-id=\"4eac8a6\" data-element_type=\"column\" data-e-type=\"column\">\n\t\t\t<div class=\"elementor-widget-wrap elementor-element-populated\">\n\t\t\t\t\t\t<div class=\"elementor-element elementor-element-3fbdf34 elementor-widget elementor-widget-image\" data-id=\"3fbdf34\" data-element_type=\"widget\" data-e-type=\"widget\" data-widget_type=\"image.default\">\n\t\t\t\t<div class=\"elementor-widget-container\">\n\t\t\t\t\t\t\t\t\t\t\t\t\t\t\t<img loading=\"lazy\" decoding=\"async\" width=\"411\" height=\"578\" src=\"https:\/\/carnavaldetoulouse.fr\/SiteCarnaval\/wp-content\/uploads\/2026\/04\/journee-guyane.png\" class=\"attachment-large size-large wp-image-7224\" alt=\"\" srcset=\"https:\/\/carnavaldetoulouse.fr\/SiteCarnaval\/wp-content\/uploads\/2026\/04\/journee-guyane.png 411w, https:\/\/carnavaldetoulouse.fr\/SiteCarnaval\/wp-content\/uploads\/2026\/04\/journee-guyane-213x300.png 213w\" sizes=\"(max-width: 411px) 100vw, 411px\" \/>\t\t\t\t\t\t\t\t\t\t\t\t\t\t\t<\/div>\n\t\t\t\t<\/div>\n\t\t\t\t\t<\/div>\n\t\t<\/div>\n\t\t\t\t<div class=\"elementor-column elementor-col-50 elementor-top-column elementor-element elementor-element-3f1b825\" data-id=\"3f1b825\" data-element_type=\"column\" data-e-type=\"column\">\n\t\t\t<div class=\"elementor-widget-wrap elementor-element-populated\">\n\t\t\t\t\t\t<div class=\"elementor-element elementor-element-f4d9380 elementor-widget elementor-widget-text-editor\" data-id=\"f4d9380\" data-element_type=\"widget\" data-e-type=\"widget\" data-widget_type=\"text-editor.default\">\n\t\t\t\t<div class=\"elementor-widget-container\">\n\t\t\t\t\t\t\t\t\t<p>\ud83c\uddec\ud83c\uddeb La Journ\u00e9e de la Guyane \u00e0 Toulouse revient !<\/p><p>Rendez-vous le samedi 02 mai 2026 pour c\u00e9l\u00e9brer la richesse culturelle, artistique et humaine de la Guyane.<\/p><p>Apr\u00e8s le succ\u00e8s de la pr\u00e9c\u00e9dente \u00e9dition, cette journ\u00e9e promet encore plus de partage, de convivialit\u00e9 et de d\u00e9couvertes : musique, danses, gastronomie et artisanat seront au rendez-vous.<\/p><p>Entre Guyane, terre de m\u00e9tissage, et Toulouse, ville ouverte sur le monde, venez vivre un moment festif et f\u00e9d\u00e9rateur !<\/p><p>\u2728 Ensemble, faisons de cette journ\u00e9e un temps fort.<\/p><p>\ud83d\udccd Lieu : Toulouse (SALLE DES F\u00caTES DE LIMAYRAC)<br \/>\ud83d\udc49 R\u00e9servez la date et venez nombreux !<\/p>\t\t\t\t\t\t\t\t<\/div>\n\t\t\t\t<\/div>\n\t\t\t\t\t<\/div>\n\t\t<\/div>\n\t\t\t\t\t<\/div>\n\t\t<\/section>\n\t\t\t\t<section class=\"elementor-section elementor-top-section elementor-element elementor-element-2232576 elementor-section-boxed elementor-section-height-default elementor-section-height-default\" data-id=\"2232576\" data-element_type=\"section\" data-e-type=\"section\">\n\t\t\t\t\t\t<div class=\"elementor-container elementor-column-gap-default\">\n\t\t\t\t\t<div class=\"elementor-column elementor-col-100 elementor-top-column elementor-element elementor-element-34a6ae8\" data-id=\"34a6ae8\" data-element_type=\"column\" data-e-type=\"column\">\n\t\t\t<div class=\"elementor-widget-wrap elementor-element-populated\">\n\t\t\t\t\t\t<div class=\"elementor-element elementor-element-ddeec40 elementor-widget elementor-widget-text-editor\" data-id=\"ddeec40\" data-element_type=\"widget\" data-e-type=\"widget\" data-widget_type=\"text-editor.default\">\n\t\t\t\t<div class=\"elementor-widget-container\">\n\t\t\t\t\t\t\t\t\t<div><p><strong><img loading=\"lazy\" decoding=\"async\" class=\"alignleft\" role=\"img\" draggable=\"false\" src=\"https:\/\/s.w.org\/images\/core\/emoji\/17.0.2\/svg\/1f1ec-1f1eb.svg\" alt=\"\ud83c\uddec\ud83c\uddeb\" width=\"28\" height=\"28\" \/><\/strong><strong>Appel \u00e0 participation \u2013 Journ\u00e9e de la Guyane \u00e0 Toulouse<\/strong><\/p><p>Dans le cadre de la Journ\u00e9e de la Guyane, qui se tiendra le samedi 02 mai 2026 \u00e0 Toulouse, nous lan\u00e7ons un appel \u00e0 participation \u00e0 destination des exposants, artistes et intervenants.<br \/>Cet \u00e9v\u00e9nement a pour ambition de mettre \u00e0 l\u2019honneur la richesse culturelle, artistique et humaine de la Guyane, \u00e0 travers une journ\u00e9e de partage, de transmission et de convivialit\u00e9.<br \/>Terre d\u2019accueil et de m\u00e9tissage, la Guyane incarne une diversit\u00e9 vivante o\u00f9 chacun trouve sa place, tout comme Toulouse, ville rose ouverte sur le monde, o\u00f9 se rencontrent et s\u2019unissent des cultures venues d\u2019horizons diff\u00e9rents.<\/p><p>\u00a0Vous \u00eates :<br \/>* cr\u00e9ateur.trice, artisan.e, entrepreneur.se (Candidatures closes)<br \/>* artiste (<a href=\"http:\/\/musicien.ne\">musicien.ne<\/a>, <a href=\"http:\/\/danseur.se\">danseur.se<\/a>, <a href=\"http:\/\/conteur.se\">conteur.se<\/a>\u2026)<br \/>* ou intervenant.e (culture, histoire, soci\u00e9t\u00e9, \u00e9ducation\u2026) (Candidatures closes)<br \/>*restaurateurs, traiteurs et porteurs de projets culinaires (Candidatures closes)<\/p><\/div><div><a href=\"https:\/\/carnavaldetoulouse.fr\/SiteCarnaval\/journee-de-la-guyane-samedi-2-mai-2026\/\"><strong>P<\/strong><b>our candidater, rendez-vous ici &gt;&gt;&gt;<\/b><\/a><\/div>\t\t\t\t\t\t\t\t<\/div>\n\t\t\t\t<\/div>\n\t\t\t\t\t<\/div>\n\t\t<\/div>\n\t\t\t\t\t<\/div>\n\t\t<\/section>\n\t\t\t\t<section class=\"elementor-section elementor-top-section elementor-element elementor-element-5947b58 elementor-section-boxed elementor-section-height-default elementor-section-height-default\" data-id=\"5947b58\" data-element_type=\"section\" data-e-type=\"section\">\n\t\t\t\t\t\t<div class=\"elementor-container elementor-column-gap-default\">\n\t\t\t\t\t<div class=\"elementor-column elementor-col-100 elementor-top-column elementor-element elementor-element-3b6c692\" data-id=\"3b6c692\" data-element_type=\"column\" data-e-type=\"column\">\n\t\t\t<div class=\"elementor-widget-wrap elementor-element-populated\">\n\t\t\t\t\t\t<div class=\"elementor-element elementor-element-8d093e0 elementor-widget elementor-widget-menu-anchor\" data-id=\"8d093e0\" data-element_type=\"widget\" data-e-type=\"widget\" data-widget_type=\"menu-anchor.default\">\n\t\t\t\t<div class=\"elementor-widget-container\">\n\t\t\t\t\t\t\t<div class=\"elementor-menu-anchor\" id=\"caisses2026\"><\/div>\n\t\t\t\t\t\t<\/div>\n\t\t\t\t<\/div>\n\t\t\t\t<div class=\"elementor-element elementor-element-e8fa0ce elementor-hidden-mobile elementor-widget elementor-widget-heading\" data-id=\"e8fa0ce\" data-element_type=\"widget\" data-e-type=\"widget\" data-widget_type=\"heading.default\">\n\t\t\t\t<div class=\"elementor-widget-container\">\n\t\t\t\t\t<h1 class=\"elementor-heading-title elementor-size-default\">L\u00c2CHER DE CAISSES <br> Samedi 20 juin 2026<\/h1>\t\t\t\t<\/div>\n\t\t\t\t<\/div>\n\t\t\t\t<div class=\"elementor-element elementor-element-5c0d6f7 elementor-hidden-desktop elementor-hidden-tablet elementor-widget elementor-widget-heading\" data-id=\"5c0d6f7\" data-element_type=\"widget\" data-e-type=\"widget\" data-widget_type=\"heading.default\">\n\t\t\t\t<div class=\"elementor-widget-container\">\n\t\t\t\t\t<h4 class=\"elementor-heading-title elementor-size-default\">L\u00c2CHER DE CAISSES <br> Samedi 20 juin 2026<\/h4>\t\t\t\t<\/div>\n\t\t\t\t<\/div>\n\t\t\t\t\t<\/div>\n\t\t<\/div>\n\t\t\t\t\t<\/div>\n\t\t<\/section>\n\t\t\t\t<section class=\"elementor-section elementor-top-section elementor-element elementor-element-312cc79 elementor-section-boxed elementor-section-height-default elementor-section-height-default\" data-id=\"312cc79\" data-element_type=\"section\" data-e-type=\"section\" data-settings=\"{&quot;background_background&quot;:&quot;classic&quot;}\">\n\t\t\t\t\t\t<div class=\"elementor-container elementor-column-gap-default\">\n\t\t\t\t\t<div class=\"elementor-column elementor-col-50 elementor-top-column elementor-element elementor-element-28593e4\" data-id=\"28593e4\" data-element_type=\"column\" data-e-type=\"column\">\n\t\t\t<div class=\"elementor-widget-wrap elementor-element-populated\">\n\t\t\t\t\t\t<div class=\"elementor-element elementor-element-80272d4 elementor-widget elementor-widget-text-editor\" data-id=\"80272d4\" data-element_type=\"widget\" data-e-type=\"widget\" data-widget_type=\"text-editor.default\">\n\t\t\t\t<div class=\"elementor-widget-container\">\n\t\t\t\t\t\t\t\t\t<p><strong>Samedi 20 juin &#8211; 14\/18h<\/strong><br \/><strong>Avenue de la Colonne<\/strong><br \/><strong>31500 Toulouse\u00a0<\/strong><br \/><br \/>Le Carnaval de Toulouse vous invite \u00e0 participer \u00e0 la descente de caisses \u00e0 savon la plus fun de l\u2019ann\u00e9e : le L\u00e2cher de caisse ! En famille, entre amis ou en solo, venez d\u00e9valer la pente avec votre bolide artisanal et faire le show devant un public en folie.<\/p><div class=\"CampaignPresentation Card\" data-testid=\"campaign-presentation\"><div class=\"GeneratedContentWrapper\"><div class=\"'GeneratedContent\"><p><strong><u>Ouvert \u00e0 toustes<\/u> :<\/strong> enfants, parents, grands-parents\u2026 tout le monde peut participer ! (adh\u00e9sion obligatoire : 10\u20ac)<br \/><br \/><strong><u>Principe<\/u> :<\/strong> Fabriquez votre caisse \u00e0 savon (engin roulant sans moteur, avec un syst\u00e8me de freinage) et affrontez la descente en toute convivialit\u00e9 ! Des prix pour les plus cr\u00e9atifs !<\/p><\/div><\/div><\/div><p><b>inscriptions en ligne obligatoire <\/b><a href=\"https:\/\/www.helloasso.com\/associations\/association-le-cocu\/evenements\/lacher-de-caisse\" target=\"_blank\" rel=\"noopener\"><strong>&gt;&gt;&gt;<\/strong><\/a><\/p>\t\t\t\t\t\t\t\t<\/div>\n\t\t\t\t<\/div>\n\t\t\t\t\t<\/div>\n\t\t<\/div>\n\t\t\t\t<div class=\"elementor-column elementor-col-50 elementor-top-column elementor-element elementor-element-ceb7476\" data-id=\"ceb7476\" data-element_type=\"column\" data-e-type=\"column\">\n\t\t\t<div class=\"elementor-widget-wrap elementor-element-populated\">\n\t\t\t\t\t\t<div class=\"elementor-element elementor-element-80fd03a elementor-widget elementor-widget-image\" data-id=\"80fd03a\" data-element_type=\"widget\" data-e-type=\"widget\" data-widget_type=\"image.default\">\n\t\t\t\t<div class=\"elementor-widget-container\">\n\t\t\t\t\t\t\t\t\t\t\t\t\t\t\t\t<a href=\"https:\/\/www.helloasso.com\/associations\/association-le-cocu\/evenements\/lacher-de-caisse\" target=\"_blank\">\n\t\t\t\t\t\t\t<img loading=\"lazy\" decoding=\"async\" width=\"800\" height=\"1000\" src=\"https:\/\/carnavaldetoulouse.fr\/SiteCarnaval\/wp-content\/uploads\/2026\/02\/5.post-events-2026-819x1024.jpg\" class=\"attachment-large size-large wp-image-6685\" alt=\"\" srcset=\"https:\/\/carnavaldetoulouse.fr\/SiteCarnaval\/wp-content\/uploads\/2026\/02\/5.post-events-2026-819x1024.jpg 819w, https:\/\/carnavaldetoulouse.fr\/SiteCarnaval\/wp-content\/uploads\/2026\/02\/5.post-events-2026-240x300.jpg 240w, https:\/\/carnavaldetoulouse.fr\/SiteCarnaval\/wp-content\/uploads\/2026\/02\/5.post-events-2026-768x960.jpg 768w, https:\/\/carnavaldetoulouse.fr\/SiteCarnaval\/wp-content\/uploads\/2026\/02\/5.post-events-2026.jpg 1080w\" sizes=\"(max-width: 800px) 100vw, 800px\" \/>\t\t\t\t\t\t\t\t<\/a>\n\t\t\t\t\t\t\t\t\t\t\t\t\t\t\t<\/div>\n\t\t\t\t<\/div>\n\t\t\t\t\t<\/div>\n\t\t<\/div>\n\t\t\t\t\t<\/div>\n\t\t<\/section>\n\t\t\t\t<section class=\"elementor-section elementor-top-section elementor-element elementor-element-11df490 elementor-section-boxed elementor-section-height-default elementor-section-height-default\" data-id=\"11df490\" data-element_type=\"section\" data-e-type=\"section\" data-settings=\"{&quot;background_background&quot;:&quot;classic&quot;}\">\n\t\t\t\t\t\t<div class=\"elementor-container elementor-column-gap-default\">\n\t\t\t\t\t<div class=\"elementor-column elementor-col-33 elementor-top-column elementor-element elementor-element-19e2951\" data-id=\"19e2951\" data-element_type=\"column\" data-e-type=\"column\">\n\t\t\t<div class=\"elementor-widget-wrap elementor-element-populated\">\n\t\t\t\t\t\t<div class=\"elementor-element elementor-element-cf3f689 elementor-widget elementor-widget-image\" data-id=\"cf3f689\" data-element_type=\"widget\" data-e-type=\"widget\" data-widget_type=\"image.default\">\n\t\t\t\t<div class=\"elementor-widget-container\">\n\t\t\t\t\t\t\t\t\t\t\t\t\t\t\t<img loading=\"lazy\" decoding=\"async\" width=\"711\" height=\"846\" src=\"https:\/\/carnavaldetoulouse.fr\/SiteCarnaval\/wp-content\/uploads\/2026\/04\/masque-roues.png\" class=\"attachment-large size-large wp-image-7350\" alt=\"\" srcset=\"https:\/\/carnavaldetoulouse.fr\/SiteCarnaval\/wp-content\/uploads\/2026\/04\/masque-roues.png 711w, https:\/\/carnavaldetoulouse.fr\/SiteCarnaval\/wp-content\/uploads\/2026\/04\/masque-roues-252x300.png 252w\" sizes=\"(max-width: 711px) 100vw, 711px\" \/>\t\t\t\t\t\t\t\t\t\t\t\t\t\t\t<\/div>\n\t\t\t\t<\/div>\n\t\t\t\t\t<\/div>\n\t\t<\/div>\n\t\t\t\t<div class=\"elementor-column elementor-col-33 elementor-top-column elementor-element elementor-element-17d397b\" data-id=\"17d397b\" data-element_type=\"column\" data-e-type=\"column\">\n\t\t\t<div class=\"elementor-widget-wrap elementor-element-populated\">\n\t\t\t\t\t\t<div class=\"elementor-element elementor-element-de0abbb elementor-widget__width-initial elementor-widget elementor-widget-image\" data-id=\"de0abbb\" data-element_type=\"widget\" data-e-type=\"widget\" data-widget_type=\"image.default\">\n\t\t\t\t<div class=\"elementor-widget-container\">\n\t\t\t\t\t\t\t\t\t\t\t\t\t\t\t<img loading=\"lazy\" decoding=\"async\" width=\"770\" height=\"1024\" src=\"https:\/\/carnavaldetoulouse.fr\/SiteCarnaval\/wp-content\/uploads\/2026\/04\/mr-carnaval-770x1024.png\" class=\"attachment-large size-large wp-image-7326\" alt=\"\" srcset=\"https:\/\/carnavaldetoulouse.fr\/SiteCarnaval\/wp-content\/uploads\/2026\/04\/mr-carnaval-770x1024.png 770w, https:\/\/carnavaldetoulouse.fr\/SiteCarnaval\/wp-content\/uploads\/2026\/04\/mr-carnaval-225x300.png 225w, https:\/\/carnavaldetoulouse.fr\/SiteCarnaval\/wp-content\/uploads\/2026\/04\/mr-carnaval-768x1022.png 768w, https:\/\/carnavaldetoulouse.fr\/SiteCarnaval\/wp-content\/uploads\/2026\/04\/mr-carnaval-1154x1536.png 1154w, https:\/\/carnavaldetoulouse.fr\/SiteCarnaval\/wp-content\/uploads\/2026\/04\/mr-carnaval.png 1534w\" sizes=\"(max-width: 770px) 100vw, 770px\" \/>\t\t\t\t\t\t\t\t\t\t\t\t\t\t\t<\/div>\n\t\t\t\t<\/div>\n\t\t\t\t\t<\/div>\n\t\t<\/div>\n\t\t\t\t<div class=\"elementor-column elementor-col-33 elementor-top-column elementor-element elementor-element-dcd7034\" data-id=\"dcd7034\" data-element_type=\"column\" data-e-type=\"column\">\n\t\t\t<div class=\"elementor-widget-wrap elementor-element-populated\">\n\t\t\t\t\t\t<div class=\"elementor-element elementor-element-8a69779 elementor-widget elementor-widget-image\" data-id=\"8a69779\" data-element_type=\"widget\" data-e-type=\"widget\" data-widget_type=\"image.default\">\n\t\t\t\t<div class=\"elementor-widget-container\">\n\t\t\t\t\t\t\t\t\t\t\t\t\t\t\t<img loading=\"lazy\" decoding=\"async\" width=\"711\" height=\"846\" src=\"https:\/\/carnavaldetoulouse.fr\/SiteCarnaval\/wp-content\/uploads\/2026\/04\/tortue-roues.png\" class=\"attachment-large size-large wp-image-7327\" alt=\"\" srcset=\"https:\/\/carnavaldetoulouse.fr\/SiteCarnaval\/wp-content\/uploads\/2026\/04\/tortue-roues.png 711w, https:\/\/carnavaldetoulouse.fr\/SiteCarnaval\/wp-content\/uploads\/2026\/04\/tortue-roues-252x300.png 252w\" sizes=\"(max-width: 711px) 100vw, 711px\" \/>\t\t\t\t\t\t\t\t\t\t\t\t\t\t\t<\/div>\n\t\t\t\t<\/div>\n\t\t\t\t\t<\/div>\n\t\t<\/div>\n\t\t\t\t\t<\/div>\n\t\t<\/section>\n\t\t\t\t<\/div>\n\t\t","protected":false},"excerpt":{"rendered":"<p>LE CALENDRIER DES \u00c9V\u00c9NEMENTS 2026* LE CALENDRIER DES \u00c9V\u00c9NEMENTS 2026* &#8211; Les Samedis Percussions du Monde10, 17, 24, 31 Janvier et 7 f\u00e9vrier 2026&#8211; Loto du carnaval :\u00a0\u00a0organisation en cours 8 f\u00e9vrier 2026&#8211; BatucaGras : Samedi 14 f\u00e9vrier 2026&#8211; Carnaval des Enfants : Mercredi 11 mars 2026 &#8211; Parade des COCUs : Samedi 14 mars [&hellip;]<\/p>\n","protected":false},"author":2,"featured_media":0,"parent":0,"menu_order":0,"comment_status":"closed","ping_status":"closed","template":"","meta":{"footnotes":""},"class_list":["post-6445","page","type-page","status-publish","hentry"],"_links":{"self":[{"href":"https:\/\/carnavaldetoulouse.fr\/SiteCarnaval\/wp-json\/wp\/v2\/pages\/6445","targetHints":{"allow":["GET"]}}],"collection":[{"href":"https:\/\/carnavaldetoulouse.fr\/SiteCarnaval\/wp-json\/wp\/v2\/pages"}],"about":[{"href":"https:\/\/carnavaldetoulouse.fr\/SiteCarnaval\/wp-json\/wp\/v2\/types\/page"}],"author":[{"embeddable":true,"href":"https:\/\/carnavaldetoulouse.fr\/SiteCarnaval\/wp-json\/wp\/v2\/users\/2"}],"replies":[{"embeddable":true,"href":"https:\/\/carnavaldetoulouse.fr\/SiteCarnaval\/wp-json\/wp\/v2\/comments?post=6445"}],"version-history":[{"count":352,"href":"https:\/\/carnavaldetoulouse.fr\/SiteCarnaval\/wp-json\/wp\/v2\/pages\/6445\/revisions"}],"predecessor-version":[{"id":7370,"href":"https:\/\/carnavaldetoulouse.fr\/SiteCarnaval\/wp-json\/wp\/v2\/pages\/6445\/revisions\/7370"}],"wp:attachment":[{"href":"https:\/\/carnavaldetoulouse.fr\/SiteCarnaval\/wp-json\/wp\/v2\/media?parent=6445"}],"curies":[{"name":"wp","href":"https:\/\/api.w.org\/{rel}","templated":true}]}}